{"id":836,"date":"2015-01-27T11:54:04","date_gmt":"2015-01-27T11:54:04","guid":{"rendered":"https:\/\/avada.theme-fusion.com_demos\/travel\/?page_id=7"},"modified":"2022-11-03T10:48:20","modified_gmt":"2022-11-03T10:48:20","slug":"home","status":"publish","type":"page","link":"https:\/\/quesossierracrestellina.es\/blog\/","title":{"rendered":"Inicio"},"content":{"rendered":"<p><div class=\"fusion-fullwidth fullwidth-box fusion-builder-row-1 has-pattern-background has-mask-background nonhundred-percent-fullwidth non-hundred-percent-height-scrolling\" style=\"--awb-background-position:left top;--awb-border-sizes-top:0px;--awb-border-sizes-bottom:0px;--awb-border-sizes-left:0px;--awb-border-sizes-right:0px;--awb-border-radius-top-left:0px;--awb-border-radius-top-right:0px;--awb-border-radius-bottom-right:0px;--awb-border-radius-bottom-left:0px;--awb-padding-top:60px;--awb-padding-bottom:60px;--awb-flex-wrap:wrap;\" ><div class=\"fusion-builder-row fusion-row\"><div class=\"fusion-layout-column fusion_builder_column fusion-builder-column-0 fusion_builder_column_1_1 1_1 fusion-one-full fusion-column-first fusion-column-last fusion-column-no-min-height\" style=\"--awb-bg-blend:overlay;--awb-bg-size:cover;--awb-margin-bottom:0px;\"><div class=\"fusion-column-wrapper fusion-flex-column-wrapper-legacy\"><div class=\"fusion-title title fusion-title-1 fusion-title-center fusion-title-text fusion-title-size-two\" style=\"--awb-margin-bottom:20px;--awb-margin-right-small:0px;--awb-margin-bottom-small:20px;--awb-margin-left-small:0px;--awb-font-size:60px;\"><div class=\"title-sep-container title-sep-container-left\"><div class=\"title-sep sep- sep-solid\" style=\"border-color:#e0dede;\"><\/div><\/div><span class=\"awb-title-spacer\"><\/span><h2 class=\"fusion-title-heading title-heading-center fusion-responsive-typography-calculated\" style=\"margin:0;font-size:1em;--fontSize:60;line-height:2;\">\u00bfQUI\u00c9NES SOMOS?<\/h2><span class=\"awb-title-spacer\"><\/span><div class=\"title-sep-container title-sep-container-right\"><div class=\"title-sep sep- sep-solid\" style=\"border-color:#e0dede;\"><\/div><\/div><\/div><div class=\"fusion-sep-clear\"><\/div><div class=\"fusion-separator\" style=\"margin-left: auto;margin-right: auto;margin-top:20px;margin-bottom:40px;width:100%;max-width:170px;\"><div class=\"fusion-separator-border sep-single sep-solid\" style=\"--awb-height:20px;--awb-amount:20px;--awb-sep-color:#000000;border-color:#000000;border-top-width:1px;\"><\/div><\/div><div class=\"fusion-sep-clear\"><\/div><div class=\"fusion-clearfix\"><\/div><\/div><\/div><div class=\"fusion-layout-column fusion_builder_column fusion-builder-column-1 fusion_builder_column_1_1 1_1 fusion-one-full fusion-column-first fusion-column-last\" style=\"--awb-padding-right:6%;--awb-padding-left:6%;--awb-bg-blend:overlay;--awb-bg-size:cover;\"><div class=\"fusion-column-wrapper fusion-column-has-shadow fusion-flex-column-wrapper-legacy\"><div class=\"fusion-text fusion-text-1\"><p>Somos <b>Crestellina<\/b>, una granja con tradici\u00f3n donde se transforma de manera artesanal y natural la materia prima extra\u00edda de la <b>cabra payoya<\/b> en quesos y yogures <b>sencillos por naturaleza<\/b>.<\/p>\n<p>Un entorno sano nos permite hacer productos sanos, por eso respetamos y cuidamos el tesoro donde nos ubicamos, Sierra <span style=\"background-color: rgba(255, 255, 255, 0); color: var(--body_typography-color); font-family: var(--body_typography-font-family); font-size: var(--body_typography-font-size); font-style: var(--body_typography-font-style,normal); font-weight: var(--body_typography-font-weight); letter-spacing: var(--body_typography-letter-spacing);\">Crestellina, en la que llevamos a cabo una <\/span><span style=\"background-color: rgba(255, 255, 255, 0); color: var(--body_typography-color); font-family: var(--body_typography-font-family); font-size: var(--body_typography-font-size); font-style: var(--body_typography-font-style,normal); letter-spacing: var(--body_typography-letter-spacing);\"><b>elaboraci\u00f3n comprometida y honesta, con el menor impacto natural.<\/b><\/span><span style=\"background-color: rgba(255, 255, 255, 0); color: var(--body_typography-color); font-family: var(--body_typography-font-family); font-size: var(--body_typography-font-size); font-style: var(--body_typography-font-style,normal); font-weight: var(--body_typography-font-weight); letter-spacing: var(--body_typography-letter-spacing);\"> Estaci\u00f3n <\/span><span style=\"background-color: rgba(255, 255, 255, 0); color: var(--body_typography-color); font-family: var(--body_typography-font-family); font-size: var(--body_typography-font-size); font-style: var(--body_typography-font-style,normal); font-weight: var(--body_typography-font-weight); letter-spacing: var(--body_typography-letter-spacing);\">tras estaci\u00f3n, a\u00f1o tras a\u00f1o, generaci\u00f3n tras generaci\u00f3n, hemos comprobado que solo hay un camino para <\/span><span style=\"color: var(--body_typography-color); font-family: var(--body_typography-font-family); font-size: var(--body_typography-font-size); font-style: var(--body_typography-font-style,normal); font-weight: var(--body_typography-font-weight); letter-spacing: var(--body_typography-letter-spacing); background-color: rgba(255, 255, 255, 0);\">devolverle al campo lo que el campo nos da, hacer las cosas bien, bien hechas. <\/span><\/p>\n<\/div><div class=\"fusion-image-element fusion-image-align-center in-legacy-container\" style=\"text-align:center;--awb-margin-bottom:25px;--awb-caption-title-font-family:var(--h2_typography-font-family);--awb-caption-title-font-weight:var(--h2_typography-font-weight);--awb-caption-title-font-style:var(--h2_typography-font-style);--awb-caption-title-size:var(--h2_typography-font-size);--awb-caption-title-transform:var(--h2_typography-text-transform);--awb-caption-title-line-height:var(--h2_typography-line-height);--awb-caption-title-letter-spacing:var(--h2_typography-letter-spacing);\"><div class=\"imageframe-align-center\"><span class=\" fusion-imageframe imageframe-none imageframe-1 hover-type-none\"><img decoding=\"async\" width=\"1024\" height=\"682\" alt=\"Crestellina Ana, Juan, Cristina\" title=\"Crestellina Ana, Juan, Cristina\" src=\"https:\/\/quesossierracrestellina.es\/blog\/wp-content\/uploads\/2022\/10\/queseria-foto4-1024x682.jpg\" class=\"img-responsive wp-image-1561\" srcset=\"https:\/\/quesossierracrestellina.es\/blog\/wp-content\/uploads\/2022\/10\/queseria-foto4-200x133.jpg 200w, https:\/\/quesossierracrestellina.es\/blog\/wp-content\/uploads\/2022\/10\/queseria-foto4-400x267.jpg 400w, https:\/\/quesossierracrestellina.es\/blog\/wp-content\/uploads\/2022\/10\/queseria-foto4-600x400.jpg 600w, https:\/\/quesossierracrestellina.es\/blog\/wp-content\/uploads\/2022\/10\/queseria-foto4-800x533.jpg 800w, https:\/\/quesossierracrestellina.es\/blog\/wp-content\/uploads\/2022\/10\/queseria-foto4-1200x800.jpg 1200w, https:\/\/quesossierracrestellina.es\/blog\/wp-content\/uploads\/2022\/10\/queseria-foto4.jpg 1400w\" sizes=\"(max-width: 800px) 100vw, 1200px\" \/><\/span><\/div><\/div><div class=\"fusion-text fusion-text-2\"><p><span style=\"background-color: rgba(255, 255, 255, 0); color: var(--body_typography-color); font-family: var(--body_typography-font-family); font-size: var(--body_typography-font-size); font-style: var(--body_typography-font-style,normal); font-weight: var(--body_typography-font-weight); letter-spacing: var(--body_typography-letter-spacing);\">Hoy en d\u00eda al frente de <\/span><strong style=\"background-color: rgba(255, 255, 255, 0); color: var(--body_typography-color); font-family: var(--body_typography-font-family); font-size: var(--body_typography-font-size); font-style: var(--body_typography-font-style,normal); letter-spacing: var(--body_typography-letter-spacing);\">Crestellina<\/strong><span style=\"background-color: rgba(255, 255, 255, 0); color: var(--body_typography-color); font-family: var(--body_typography-font-family); font-size: var(--body_typography-font-size); font-style: var(--body_typography-font-style,normal); font-weight: var(--body_typography-font-weight); letter-spacing: var(--body_typography-letter-spacing);\"> est\u00e1 la cuarta generaci\u00f3n, manteniendo las mismas recetas utilizadas desde siempre por nuestros antepasados. <\/span><span style=\"background-color: rgba(255, 255, 255, 0); color: var(--body_typography-color); font-family: var(--body_typography-font-family); font-size: var(--body_typography-font-size); font-style: var(--body_typography-font-style,normal); letter-spacing: var(--body_typography-letter-spacing);\"><b>Nuestras cabras de raza payoya se alimentan en extensivo en los <\/b><\/span><span style=\"background-color: rgba(255, 255, 255, 0); color: var(--body_typography-color); font-family: var(--body_typography-font-family); font-size: var(--body_typography-font-size); font-style: var(--body_typography-font-style,normal); letter-spacing: var(--body_typography-letter-spacing);\"><b>pastos naturales de la Sierra Crestellina y en el Valle del Guadiaro<\/b><\/span><span style=\"background-color: rgba(255, 255, 255, 0); color: var(--body_typography-color); font-family: var(--body_typography-font-family); font-size: var(--body_typography-font-size); font-style: var(--body_typography-font-style,normal); font-weight: var(--body_typography-font-weight); letter-spacing: var(--body_typography-letter-spacing);\">. Trasladamos diariamente la leche que obtenemos de nuestra granja <\/span><span style=\"background-color: rgba(255, 255, 255, 0); color: var(--body_typography-color); font-family: var(--body_typography-font-family); font-size: var(--body_typography-font-size); font-style: var(--body_typography-font-style,normal); font-weight: var(--body_typography-font-weight); letter-spacing: var(--body_typography-letter-spacing);\">y la de nuestro amigo cabrero Juan Jos\u00e9, directamente a nuestro peque\u00f1o obrador, garantizando <\/span><span style=\"background-color: rgba(255, 255, 255, 0); color: var(--body_typography-color); font-family: var(--body_typography-font-family); font-size: var(--body_typography-font-size); font-style: var(--body_typography-font-style,normal); font-weight: var(--body_typography-font-weight); letter-spacing: var(--body_typography-letter-spacing);\">con ello un <\/span><span style=\"background-color: rgba(255, 255, 255, 0); color: var(--body_typography-color); font-family: var(--body_typography-font-family); font-size: var(--body_typography-font-size); font-style: var(--body_typography-font-style,normal); letter-spacing: var(--body_typography-letter-spacing);\"><b>alimento de m\u00e1xima calidad, cien por cien natural y de cercan\u00eda.<\/b><\/span><\/p>\n<p>Adem\u00e1s de quesos y yogures como derivados l\u00e1cteos de la leche de cabra, <b>ofrecemos experiencias en nuestra granja<\/b>: nos apasiona compartir al mundo todo nuestro conocimiento adquirido d\u00eda tras d\u00eda, generaci\u00f3n tras generaci\u00f3n, y acercarte al camino de un consumo m\u00e1s consciente y en equilibrio con tu entorno.<\/p>\n<p><span style=\"background-color: rgba(255, 255, 255, 0); color: var(--body_typography-color); font-family: var(--body_typography-font-family); font-size: var(--body_typography-font-size); font-style: var(--body_typography-font-style,normal); font-weight: var(--body_typography-font-weight); letter-spacing: var(--body_typography-letter-spacing);\">Somos agradecidos por naturaleza, y <\/span><span style=\"background-color: rgba(255, 255, 255, 0); color: var(--body_typography-color); font-family: var(--body_typography-font-family); font-size: var(--body_typography-font-size); font-style: var(--body_typography-font-style,normal); letter-spacing: var(--body_typography-letter-spacing);\"><b>aspiramos a poner nuestro granito de arena para sensibilizar al ser humano conect\u00e1ndolo con el campo y la naturaleza<\/b><\/span><span style=\"background-color: rgba(255, 255, 255, 0); color: var(--body_typography-color); font-family: var(--body_typography-font-family); font-size: var(--body_typography-font-size); font-style: var(--body_typography-font-style,normal); font-weight: var(--body_typography-font-weight); letter-spacing: var(--body_typography-letter-spacing);\">, haci\u00e9ndolo sentir part\u00edcipe y responsable de su entorno, sus decisiones de consumo y su paso por el planeta. As\u00ed lo hacemos tambi\u00e9n nosotros en nuestra tienda, donde <\/span><span style=\"background-color: rgba(255, 255, 255, 0); color: var(--body_typography-color); font-family: var(--body_typography-font-family); font-size: var(--body_typography-font-size); font-style: var(--body_typography-font-style,normal); letter-spacing: var(--body_typography-letter-spacing);\"><b>vendemos otros productos locales de amigos a los que admiramo<\/b><\/span><span style=\"background-color: rgba(255, 255, 255, 0); color: var(--body_typography-color); font-family: var(--body_typography-font-family); font-size: var(--body_typography-font-size); font-style: var(--body_typography-font-style,normal); font-weight: var(--body_typography-font-weight); letter-spacing: var(--body_typography-letter-spacing);\">s y que<\/span><span style=\"background-color: rgba(255, 255, 255, 0); color: var(--body_typography-color); font-family: var(--body_typography-font-family); font-size: var(--body_typography-font-size); font-style: var(--body_typography-font-style,normal); font-weight: var(--body_typography-font-weight); letter-spacing: var(--body_typography-letter-spacing);\"> comparten con nosotros los objetivos de respeto por nuestra tierra y el consumo sostenible de los recursos que nos ofrece. <\/span><\/p>\n<p><span style=\"background-color: rgba(255, 255, 255, 0); color: var(--body_typography-color); font-family: var(--body_typography-font-family); font-size: var(--body_typography-font-size); font-style: var(--body_typography-font-style,normal); letter-spacing: var(--body_typography-letter-spacing);\"><b>Pensamos que no hay nada m\u00e1s sano y sencillo que estar conectado a tu entorno, sentirse agradecido y compartirlo. <\/b><\/span><\/p>\n<\/div><div class=\"fusion-clearfix\"><\/div><\/div><\/div><\/div><\/div><div class=\"fusion-fullwidth fullwidth-box fusion-builder-row-2 nonhundred-percent-fullwidth non-hundred-percent-height-scrolling\" style=\"--awb-background-position:left top;--awb-border-sizes-top:0px;--awb-border-sizes-bottom:0px;--awb-border-sizes-left:0px;--awb-border-sizes-right:0px;--awb-border-radius-top-left:0px;--awb-border-radius-top-right:0px;--awb-border-radius-bottom-right:0px;--awb-border-radius-bottom-left:0px;--awb-padding-top:60px;--awb-padding-bottom:120px;--awb-background-color:#f0f0ed;--awb-flex-wrap:wrap;\" ><div class=\"fusion-builder-row fusion-row\"><div class=\"fusion-layout-column fusion_builder_column fusion-builder-column-2 fusion_builder_column_1_1 1_1 fusion-one-full fusion-column-first fusion-column-last fusion-column-no-min-height\" style=\"--awb-bg-blend:overlay;--awb-bg-size:cover;--awb-margin-bottom:0px;\"><div class=\"fusion-column-wrapper fusion-flex-column-wrapper-legacy\"><div class=\"fusion-title title fusion-title-2 fusion-title-center fusion-title-text fusion-title-size-two\" style=\"--awb-margin-top-small:0px;--awb-margin-right-small:0px;--awb-margin-bottom-small:20px;--awb-margin-left-small:0px;--awb-font-size:54px;\"><div class=\"title-sep-container title-sep-container-left\"><div class=\"title-sep sep- sep-solid\" style=\"border-color:#e0dede;\"><\/div><\/div><span class=\"awb-title-spacer\"><\/span><h2 class=\"fusion-title-heading title-heading-center fusion-responsive-typography-calculated\" style=\"margin:0;font-size:1em;--fontSize:54;line-height:2;\">NUESTRA GANADER\u00cdA<\/h2><span class=\"awb-title-spacer\"><\/span><div class=\"title-sep-container title-sep-container-right\"><div class=\"title-sep sep- sep-solid\" style=\"border-color:#e0dede;\"><\/div><\/div><\/div><div class=\"fusion-sep-clear\"><\/div><div class=\"fusion-separator\" style=\"margin-left: auto;margin-right: auto;margin-top:20px;margin-bottom:40px;width:100%;max-width:170px;\"><div class=\"fusion-separator-border sep-single sep-solid\" style=\"--awb-height:20px;--awb-amount:20px;--awb-sep-color:#000000;border-color:#000000;border-top-width:1px;\"><\/div><\/div><div class=\"fusion-sep-clear\"><\/div><div class=\"fusion-clearfix\"><\/div><\/div><\/div><div class=\"fusion-layout-column fusion_builder_column fusion-builder-column-3 fusion_builder_column_1_6 1_6 fusion-one-sixth fusion-column-first\" style=\"--awb-bg-blend:overlay;--awb-bg-size:cover;width:13.3333%; margin-right: 4%;\"><div class=\"fusion-column-wrapper fusion-flex-column-wrapper-legacy\"><div class=\"fusion-clearfix\"><\/div><\/div><\/div><div class=\"fusion-layout-column fusion_builder_column fusion-builder-column-4 fusion_builder_column_2_3 2_3 fusion-two-third\" style=\"--awb-bg-blend:overlay;--awb-bg-size:cover;width:65.3333%; margin-right: 4%;\"><div class=\"fusion-column-wrapper fusion-flex-column-wrapper-legacy\"><div class=\"fusion-text fusion-text-3\"><p>Nuestra ganader\u00eda est\u00e1 inmersa en programas de selecci\u00f3n de la <a href=\"https:\/\/quesossierracrestellina.es\/blog\/2019\/01\/27\/raza-caprina-payoya\/\">raza aut\u00f3ctona payoya<\/a> y de mejora de la calidad de leche, buscando conjugar el saber hacer de anta\u00f1o con las \u00faltimas tendencias en el manejo de explotaciones caprinas.<\/p>\n<p>La raza caprina payoya o serrana est\u00e1 catalogada como <em>En Peligro de Extinci\u00f3n<\/em>. Morfol\u00f3gicamente es un animal muy r\u00fastico, adaptado a la dif\u00edcil orograf\u00eda serrana donde vive. Nuestra caba\u00f1a ganadera consigue una perfecta simbiosis con el medio natural, pues adem\u00e1s de alimentarse en \u00e1reas pasto-cortafuegos de Andaluc\u00eda, contribuyendo con ello a la prevenci\u00f3n de incendios, distribuye las semillas de las plantas y frutos que ingiere, favoreciendo la biodiversidad al mismo tiempo que fertiliza los campos con sus heces. <strong>Un procedimiento 100% sostenible<\/strong>.<\/p>\n<\/div><div class=\"fusion-clearfix\"><\/div><\/div><\/div><div class=\"fusion-layout-column fusion_builder_column fusion-builder-column-5 fusion_builder_column_1_6 1_6 fusion-one-sixth fusion-column-last\" style=\"--awb-bg-blend:overlay;--awb-bg-size:cover;width:13.3333%;\"><div class=\"fusion-column-wrapper fusion-flex-column-wrapper-legacy\"><div class=\"fusion-clearfix\"><\/div><\/div><\/div><div class=\"fusion-layout-column fusion_builder_column fusion-builder-column-6 fusion_builder_column_1_1 1_1 fusion-one-full fusion-column-first fusion-column-last fusion-column-no-min-height\" style=\"--awb-bg-blend:overlay;--awb-bg-size:cover;--awb-margin-bottom:0px;\"><div class=\"fusion-column-wrapper fusion-flex-column-wrapper-legacy\"><div class=\"fusion-sep-clear\"><\/div><div class=\"fusion-separator fusion-full-width-sep\" style=\"margin-left: auto;margin-right: auto;margin-top:20px;width:100%;max-width:100%;\"><\/div><div class=\"fusion-sep-clear\"><\/div><div class=\"fusion-clearfix\"><\/div><\/div><\/div><div class=\"fusion-layout-column fusion_builder_column fusion-builder-column-7 fusion_builder_column_1_1 1_1 fusion-one-full fusion-column-first fusion-column-last fusion-column-no-min-height\" style=\"--awb-bg-blend:overlay;--awb-bg-size:cover;--awb-margin-bottom:0px;\"><div class=\"fusion-column-wrapper fusion-flex-column-wrapper-legacy\"><div class=\"awb-gallery-wrapper awb-gallery-wrapper-1 button-span-no\" data-limit=\"10\" data-page=\"1\"><div style=\"margin:-10px;--awb-bordersize:0px;\" class=\"fusion-gallery fusion-gallery-container fusion-grid-2 fusion-columns-total-4 fusion-gallery-layout-grid fusion-gallery-1\"><div style=\"padding:10px;\" class=\"fusion-grid-column fusion-gallery-column fusion-gallery-column-2 hover-type-zoomin\"><div class=\"fusion-gallery-image\"><a href=\"https:\/\/quesossierracrestellina.es\/blog\/wp-content\/uploads\/2020\/05\/foto01_50A0920.jpg\" rel=\"noreferrer\" data-rel=\"iLightbox[gallery_image_1]\" class=\"fusion-lightbox\" target=\"_self\"><img decoding=\"async\" src=\"https:\/\/quesossierracrestellina.es\/blog\/wp-content\/uploads\/2020\/05\/foto01_50A0920.jpg\" width=\"1400\" height=\"933\" alt=\"Juan Oca\u00f1a, cabras de raza payoya y Casares\" title=\"Juan Oca\u00f1a, cabras de raza payoya y Casares\" aria-label=\"Juan Oca\u00f1a, cabras de raza payoya y Casares\" class=\"img-responsive wp-image-864\" srcset=\"https:\/\/quesossierracrestellina.es\/blog\/wp-content\/uploads\/2020\/05\/foto01_50A0920-200x133.jpg 200w, https:\/\/quesossierracrestellina.es\/blog\/wp-content\/uploads\/2020\/05\/foto01_50A0920-400x267.jpg 400w, https:\/\/quesossierracrestellina.es\/blog\/wp-content\/uploads\/2020\/05\/foto01_50A0920-600x400.jpg 600w, https:\/\/quesossierracrestellina.es\/blog\/wp-content\/uploads\/2020\/05\/foto01_50A0920-800x533.jpg 800w, https:\/\/quesossierracrestellina.es\/blog\/wp-content\/uploads\/2020\/05\/foto01_50A0920-1200x800.jpg 1200w, https:\/\/quesossierracrestellina.es\/blog\/wp-content\/uploads\/2020\/05\/foto01_50A0920.jpg 1400w\" sizes=\"(min-width: 2200px) 100vw, (min-width: 732px) 580px, (min-width: 640px) 732px, \" \/><\/a><\/div><\/div><div style=\"padding:10px;\" class=\"fusion-grid-column fusion-gallery-column fusion-gallery-column-2 hover-type-zoomin\"><div class=\"fusion-gallery-image\"><a href=\"https:\/\/quesossierracrestellina.es\/blog\/wp-content\/uploads\/2020\/05\/foto05-fernando.jpg\" rel=\"noreferrer\" data-rel=\"iLightbox[gallery_image_1]\" class=\"fusion-lightbox\" target=\"_self\"><img decoding=\"async\" src=\"https:\/\/quesossierracrestellina.es\/blog\/wp-content\/uploads\/2020\/05\/foto05-fernando.jpg\" width=\"1400\" height=\"933\" alt=\"Cabra payoya y mast\u00edn pastoreando\" title=\"Cabra payoya y mast\u00edn pastoreando\" aria-label=\"Cabra payoya y mast\u00edn pastoreando\" class=\"img-responsive wp-image-868\" srcset=\"https:\/\/quesossierracrestellina.es\/blog\/wp-content\/uploads\/2020\/05\/foto05-fernando-200x133.jpg 200w, https:\/\/quesossierracrestellina.es\/blog\/wp-content\/uploads\/2020\/05\/foto05-fernando-400x267.jpg 400w, https:\/\/quesossierracrestellina.es\/blog\/wp-content\/uploads\/2020\/05\/foto05-fernando-600x400.jpg 600w, https:\/\/quesossierracrestellina.es\/blog\/wp-content\/uploads\/2020\/05\/foto05-fernando-800x533.jpg 800w, https:\/\/quesossierracrestellina.es\/blog\/wp-content\/uploads\/2020\/05\/foto05-fernando-1200x800.jpg 1200w, https:\/\/quesossierracrestellina.es\/blog\/wp-content\/uploads\/2020\/05\/foto05-fernando.jpg 1400w\" sizes=\"(min-width: 2200px) 100vw, (min-width: 732px) 580px, (min-width: 640px) 732px, \" \/><\/a><\/div><\/div><div class=\"clearfix\"><\/div><div style=\"padding:10px;\" class=\"fusion-grid-column fusion-gallery-column fusion-gallery-column-2 hover-type-zoomin\"><div class=\"fusion-gallery-image\"><a href=\"https:\/\/quesossierracrestellina.es\/blog\/wp-content\/uploads\/2020\/05\/foto04_MG_1450.jpg\" rel=\"noreferrer\" data-rel=\"iLightbox[gallery_image_1]\" class=\"fusion-lightbox\" target=\"_self\"><img decoding=\"async\" src=\"https:\/\/quesossierracrestellina.es\/blog\/wp-content\/uploads\/2020\/05\/foto04_MG_1450.jpg\" width=\"1400\" height=\"933\" alt=\"Cabra payoya\" title=\"Cabra payoya\" aria-label=\"Cabra payoya\" class=\"img-responsive wp-image-867\" srcset=\"https:\/\/quesossierracrestellina.es\/blog\/wp-content\/uploads\/2020\/05\/foto04_MG_1450-200x133.jpg 200w, https:\/\/quesossierracrestellina.es\/blog\/wp-content\/uploads\/2020\/05\/foto04_MG_1450-400x267.jpg 400w, https:\/\/quesossierracrestellina.es\/blog\/wp-content\/uploads\/2020\/05\/foto04_MG_1450-600x400.jpg 600w, https:\/\/quesossierracrestellina.es\/blog\/wp-content\/uploads\/2020\/05\/foto04_MG_1450-800x533.jpg 800w, https:\/\/quesossierracrestellina.es\/blog\/wp-content\/uploads\/2020\/05\/foto04_MG_1450-1200x800.jpg 1200w, https:\/\/quesossierracrestellina.es\/blog\/wp-content\/uploads\/2020\/05\/foto04_MG_1450.jpg 1400w\" sizes=\"(min-width: 2200px) 100vw, (min-width: 732px) 580px, (min-width: 640px) 732px, \" \/><\/a><\/div><\/div><div style=\"padding:10px;\" class=\"fusion-grid-column fusion-gallery-column fusion-gallery-column-2 hover-type-zoomin\"><div class=\"fusion-gallery-image\"><a href=\"https:\/\/quesossierracrestellina.es\/blog\/wp-content\/uploads\/2020\/05\/foto03-pastoreoSC.jpg\" rel=\"noreferrer\" data-rel=\"iLightbox[gallery_image_1]\" class=\"fusion-lightbox\" target=\"_self\"><img decoding=\"async\" src=\"https:\/\/quesossierracrestellina.es\/blog\/wp-content\/uploads\/2020\/05\/foto03-pastoreoSC.jpg\" width=\"1400\" height=\"933\" alt=\"Juan Oca\u00f1a, cabras de raza payoya y Sierra Crestellina\" title=\"Juan Oca\u00f1a, cabras de raza payoya y Sierra Crestellina\" aria-label=\"Juan Oca\u00f1a, cabras de raza payoya y Sierra Crestellina\" class=\"img-responsive wp-image-866\" srcset=\"https:\/\/quesossierracrestellina.es\/blog\/wp-content\/uploads\/2020\/05\/foto03-pastoreoSC-200x133.jpg 200w, https:\/\/quesossierracrestellina.es\/blog\/wp-content\/uploads\/2020\/05\/foto03-pastoreoSC-400x267.jpg 400w, https:\/\/quesossierracrestellina.es\/blog\/wp-content\/uploads\/2020\/05\/foto03-pastoreoSC-600x400.jpg 600w, https:\/\/quesossierracrestellina.es\/blog\/wp-content\/uploads\/2020\/05\/foto03-pastoreoSC-800x533.jpg 800w, https:\/\/quesossierracrestellina.es\/blog\/wp-content\/uploads\/2020\/05\/foto03-pastoreoSC-1200x800.jpg 1200w, https:\/\/quesossierracrestellina.es\/blog\/wp-content\/uploads\/2020\/05\/foto03-pastoreoSC.jpg 1400w\" sizes=\"(min-width: 2200px) 100vw, (min-width: 732px) 580px, (min-width: 640px) 732px, \" \/><\/a><\/div><\/div><div class=\"clearfix\"><\/div><\/div><\/div><div class=\"fusion-clearfix\"><\/div><\/div><\/div><div class=\"fusion-layout-column fusion_builder_column fusion-builder-column-8 fusion_builder_column_1_1 1_1 fusion-one-full fusion-column-first fusion-column-last fusion-column-no-min-height\" style=\"--awb-bg-size:cover;--awb-margin-top:60px;--awb-margin-bottom:60px;\"><div class=\"fusion-column-wrapper fusion-column-has-shadow fusion-flex-column-wrapper-legacy\"><div class=\"fusion-button-wrapper fusion-aligncenter\"><a class=\"fusion-button button-flat button-xlarge button-default fusion-button-default button-1 fusion-button-default-span fusion-button-default-type\" target=\"_self\" href=\"https:\/\/quesossierracrestellina.es\/blog\/2019\/01\/27\/raza-caprina-payoya\/\"><span class=\"fusion-button-text awb-button__text awb-button__text--default\">La raza de cabra payoya<\/span><\/a><\/div><div class=\"fusion-clearfix\"><\/div><\/div><\/div><\/div><\/div><div class=\"fusion-fullwidth fullwidth-box fusion-builder-row-3 nonhundred-percent-fullwidth non-hundred-percent-height-scrolling\" style=\"--awb-background-position:left top;--awb-border-sizes-top:0px;--awb-border-sizes-bottom:0px;--awb-border-sizes-left:0px;--awb-border-sizes-right:0px;--awb-border-radius-top-left:0px;--awb-border-radius-top-right:0px;--awb-border-radius-bottom-right:0px;--awb-border-radius-bottom-left:0px;--awb-padding-top:65px;--awb-padding-bottom:65px;--awb-background-color:#ffffff;--awb-flex-wrap:wrap;\" ><div class=\"fusion-builder-row fusion-row\"><div class=\"fusion-layout-column fusion_builder_column fusion-builder-column-9 fusion_builder_column_1_1 1_1 fusion-one-full fusion-column-first fusion-column-last fusion-column-no-min-height\" style=\"--awb-bg-blend:overlay;--awb-bg-size:cover;--awb-margin-bottom:0px;\"><div class=\"fusion-column-wrapper fusion-flex-column-wrapper-legacy\"><div class=\"fusion-title title fusion-title-3 fusion-title-center fusion-title-text fusion-title-size-two\" style=\"--awb-margin-top-small:0px;--awb-margin-right-small:0px;--awb-margin-bottom-small:20px;--awb-margin-left-small:0px;--awb-font-size:54px;\"><div class=\"title-sep-container title-sep-container-left\"><div class=\"title-sep sep- sep-solid\" style=\"border-color:#e0dede;\"><\/div><\/div><span class=\"awb-title-spacer\"><\/span><h2 class=\"fusion-title-heading title-heading-center fusion-responsive-typography-calculated\" style=\"margin:0;font-size:1em;--fontSize:54;line-height:2;\">EXPERIENCIAS EN CRESTELLINA<\/h2><span class=\"awb-title-spacer\"><\/span><div class=\"title-sep-container title-sep-container-right\"><div class=\"title-sep sep- sep-solid\" style=\"border-color:#e0dede;\"><\/div><\/div><\/div><div class=\"fusion-sep-clear\"><\/div><div class=\"fusion-separator\" style=\"margin-left: auto;margin-right: auto;margin-top:20px;margin-bottom:40px;width:100%;max-width:170px;\"><div class=\"fusion-separator-border sep-single sep-solid\" style=\"--awb-height:20px;--awb-amount:20px;--awb-sep-color:#000000;border-color:#000000;border-top-width:1px;\"><\/div><\/div><div class=\"fusion-sep-clear\"><\/div><div class=\"fusion-clearfix\"><\/div><\/div><\/div><div class=\"fusion-layout-column fusion_builder_column fusion-builder-column-10 fusion_builder_column_1_6 1_6 fusion-one-sixth fusion-column-first\" style=\"--awb-bg-blend:overlay;--awb-bg-size:cover;width:13.3333%; margin-right: 4%;\"><div class=\"fusion-column-wrapper fusion-flex-column-wrapper-legacy\"><div class=\"fusion-clearfix\"><\/div><\/div><\/div><div class=\"fusion-layout-column fusion_builder_column fusion-builder-column-11 fusion_builder_column_2_3 2_3 fusion-two-third\" style=\"--awb-bg-blend:overlay;--awb-bg-size:cover;width:65.3333%; margin-right: 4%;\"><div class=\"fusion-column-wrapper fusion-flex-column-wrapper-legacy\"><div class=\"fusion-text fusion-text-4\"><p>Nos encanta compartir nuestro mundo y te abrimos nuestras puertas para que experimentes en primera persona nuestro d\u00eda a d\u00eda. <b>Ofrecemos actividades <\/b>que van desde el <b>orde\u00f1o <\/b>de las cabras hasta la <b>elaboraci\u00f3n de tu propio queso<\/b> y como no, la <b>degustaci\u00f3n <\/b>de nuestros quesos como broche final a tu paso por Crestellina. Con nuestras experiencias te podr\u00e1s hacer buena idea del porque de la excelencia de nuestro producto.<\/p>\n<\/div><div class=\"fusion-clearfix\"><\/div><\/div><\/div><div class=\"fusion-layout-column fusion_builder_column fusion-builder-column-12 fusion_builder_column_1_6 1_6 fusion-one-sixth fusion-column-last\" style=\"--awb-bg-blend:overlay;--awb-bg-size:cover;width:13.3333%;\"><div class=\"fusion-column-wrapper fusion-flex-column-wrapper-legacy\"><div class=\"fusion-clearfix\"><\/div><\/div><\/div><div class=\"fusion-layout-column fusion_builder_column fusion-builder-column-13 fusion_builder_column_1_1 1_1 fusion-one-full fusion-column-first fusion-column-last fusion-column-no-min-height\" style=\"--awb-bg-blend:overlay;--awb-bg-size:cover;--awb-margin-bottom:0px;\"><div class=\"fusion-column-wrapper fusion-flex-column-wrapper-legacy\"><div class=\"awb-gallery-wrapper awb-gallery-wrapper-2 button-span-no\" data-limit=\"10\" data-page=\"1\"><div style=\"margin:-6px;--awb-bordersize:0px;\" class=\"fusion-gallery fusion-gallery-container fusion-grid-5 fusion-columns-total-5 fusion-gallery-layout-grid fusion-gallery-2\"><div style=\"padding:6px;\" class=\"fusion-grid-column fusion-gallery-column fusion-gallery-column-5 hover-type-zoomin\"><div class=\"fusion-gallery-image\"><img decoding=\"async\" src=\"https:\/\/quesossierracrestellina.es\/blog\/wp-content\/uploads\/2020\/05\/762A4751-800px.jpg\" width=\"900\" height=\"900\" alt=\"Leche reci\u00e9n orde\u00f1ada para la elaboraci\u00f3n de queso\" title=\"Leche reci\u00e9n orde\u00f1ada para la elaboraci\u00f3n de queso\" aria-label=\"Leche reci\u00e9n orde\u00f1ada para la elaboraci\u00f3n de queso\" class=\"img-responsive wp-image-880\" srcset=\"https:\/\/quesossierracrestellina.es\/blog\/wp-content\/uploads\/2020\/05\/762A4751-800px-200x200.jpg 200w, https:\/\/quesossierracrestellina.es\/blog\/wp-content\/uploads\/2020\/05\/762A4751-800px-400x400.jpg 400w, https:\/\/quesossierracrestellina.es\/blog\/wp-content\/uploads\/2020\/05\/762A4751-800px-600x600.jpg 600w, https:\/\/quesossierracrestellina.es\/blog\/wp-content\/uploads\/2020\/05\/762A4751-800px-800x800.jpg 800w, https:\/\/quesossierracrestellina.es\/blog\/wp-content\/uploads\/2020\/05\/762A4751-800px.jpg 900w\" sizes=\"(min-width: 2200px) 100vw, (min-width: 1007px) 229px, (min-width: 915px) 287px, (min-width: 824px) 382px, (min-width: 732px) 573px, (min-width: 640px) 732px, \" \/><\/div><\/div><div class=\"clearfix\"><\/div><div style=\"padding:6px;\" class=\"fusion-grid-column fusion-gallery-column fusion-gallery-column-5 hover-type-zoomin\"><div class=\"fusion-gallery-image\"><img decoding=\"async\" src=\"https:\/\/quesossierracrestellina.es\/blog\/wp-content\/uploads\/2020\/05\/762A4764-800px.jpg\" width=\"900\" height=\"900\" alt=\"Leche reci\u00e9n orde\u00f1ada para la elaboraci\u00f3n de queso\" title=\"Leche reci\u00e9n orde\u00f1ada para la elaboraci\u00f3n de queso\" aria-label=\"Leche reci\u00e9n orde\u00f1ada para la elaboraci\u00f3n de queso\" class=\"img-responsive wp-image-881\" srcset=\"https:\/\/quesossierracrestellina.es\/blog\/wp-content\/uploads\/2020\/05\/762A4764-800px-200x200.jpg 200w, https:\/\/quesossierracrestellina.es\/blog\/wp-content\/uploads\/2020\/05\/762A4764-800px-400x400.jpg 400w, https:\/\/quesossierracrestellina.es\/blog\/wp-content\/uploads\/2020\/05\/762A4764-800px-600x600.jpg 600w, https:\/\/quesossierracrestellina.es\/blog\/wp-content\/uploads\/2020\/05\/762A4764-800px-800x800.jpg 800w, https:\/\/quesossierracrestellina.es\/blog\/wp-content\/uploads\/2020\/05\/762A4764-800px.jpg 900w\" sizes=\"(min-width: 2200px) 100vw, (min-width: 1007px) 229px, (min-width: 915px) 287px, (min-width: 824px) 382px, (min-width: 732px) 573px, (min-width: 640px) 732px, \" \/><\/div><\/div><div style=\"padding:6px;\" class=\"fusion-grid-column fusion-gallery-column fusion-gallery-column-5 hover-type-zoomin\"><div class=\"fusion-gallery-image\"><img decoding=\"async\" src=\"https:\/\/quesossierracrestellina.es\/blog\/wp-content\/uploads\/2020\/05\/DSC_4331-800.jpg\" width=\"800\" height=\"800\" alt=\"\" title=\"DSC_4331-800\" aria-label=\"DSC_4331-800\" class=\"img-responsive wp-image-890\" srcset=\"https:\/\/quesossierracrestellina.es\/blog\/wp-content\/uploads\/2020\/05\/DSC_4331-800-200x200.jpg 200w, https:\/\/quesossierracrestellina.es\/blog\/wp-content\/uploads\/2020\/05\/DSC_4331-800-400x400.jpg 400w, https:\/\/quesossierracrestellina.es\/blog\/wp-content\/uploads\/2020\/05\/DSC_4331-800-600x600.jpg 600w, https:\/\/quesossierracrestellina.es\/blog\/wp-content\/uploads\/2020\/05\/DSC_4331-800.jpg 800w\" sizes=\"(min-width: 2200px) 100vw, (min-width: 1007px) 229px, (min-width: 915px) 287px, (min-width: 824px) 382px, (min-width: 732px) 573px, (min-width: 640px) 732px, \" \/><\/div><\/div><div style=\"padding:6px;\" class=\"fusion-grid-column fusion-gallery-column fusion-gallery-column-5 hover-type-zoomin\"><div class=\"fusion-gallery-image\"><img decoding=\"async\" src=\"https:\/\/quesossierracrestellina.es\/blog\/wp-content\/uploads\/2020\/05\/762A4827-800px.jpg\" width=\"900\" height=\"900\" alt=\"Degustaci\u00f3n de queso\" title=\"Degustaci\u00f3n de queso\" aria-label=\"Degustaci\u00f3n de queso\" class=\"img-responsive wp-image-877\" srcset=\"https:\/\/quesossierracrestellina.es\/blog\/wp-content\/uploads\/2020\/05\/762A4827-800px-200x200.jpg 200w, https:\/\/quesossierracrestellina.es\/blog\/wp-content\/uploads\/2020\/05\/762A4827-800px-400x400.jpg 400w, https:\/\/quesossierracrestellina.es\/blog\/wp-content\/uploads\/2020\/05\/762A4827-800px-600x600.jpg 600w, https:\/\/quesossierracrestellina.es\/blog\/wp-content\/uploads\/2020\/05\/762A4827-800px-800x800.jpg 800w, https:\/\/quesossierracrestellina.es\/blog\/wp-content\/uploads\/2020\/05\/762A4827-800px.jpg 900w\" sizes=\"(min-width: 2200px) 100vw, (min-width: 1007px) 229px, (min-width: 915px) 287px, (min-width: 824px) 382px, (min-width: 732px) 573px, (min-width: 640px) 732px, \" \/><\/div><\/div><div style=\"padding:6px;\" class=\"fusion-grid-column fusion-gallery-column fusion-gallery-column-5 hover-type-zoomin\"><div class=\"fusion-gallery-image\"><img decoding=\"async\" src=\"https:\/\/quesossierracrestellina.es\/blog\/wp-content\/uploads\/2020\/05\/2020-02-07-2-800px.jpg\" width=\"900\" height=\"900\" alt=\"Queso de leche de cabra payoya\" title=\"Queso de leche de cabra payoya\" aria-label=\"Queso de leche de cabra payoya\" class=\"img-responsive wp-image-879\" srcset=\"https:\/\/quesossierracrestellina.es\/blog\/wp-content\/uploads\/2020\/05\/2020-02-07-2-800px-200x200.jpg 200w, https:\/\/quesossierracrestellina.es\/blog\/wp-content\/uploads\/2020\/05\/2020-02-07-2-800px-400x400.jpg 400w, https:\/\/quesossierracrestellina.es\/blog\/wp-content\/uploads\/2020\/05\/2020-02-07-2-800px-600x600.jpg 600w, https:\/\/quesossierracrestellina.es\/blog\/wp-content\/uploads\/2020\/05\/2020-02-07-2-800px-800x800.jpg 800w, https:\/\/quesossierracrestellina.es\/blog\/wp-content\/uploads\/2020\/05\/2020-02-07-2-800px.jpg 900w\" sizes=\"(min-width: 2200px) 100vw, (min-width: 1007px) 229px, (min-width: 915px) 287px, (min-width: 824px) 382px, (min-width: 732px) 573px, (min-width: 640px) 732px, \" \/><\/div><\/div><\/div><\/div><div class=\"fusion-clearfix\"><\/div><\/div><\/div><div class=\"fusion-layout-column fusion_builder_column fusion-builder-column-14 fusion_builder_column_1_1 1_1 fusion-one-full fusion-column-first fusion-column-last fusion-column-no-min-height\" style=\"--awb-bg-size:cover;--awb-margin-top:60px;--awb-margin-bottom:60px;\"><div class=\"fusion-column-wrapper fusion-column-has-shadow fusion-flex-column-wrapper-legacy\"><div class=\"fusion-button-wrapper fusion-aligncenter\"><a class=\"fusion-button button-flat button-xlarge button-default fusion-button-default button-2 fusion-button-default-span fusion-button-default-type\" target=\"_self\" href=\"https:\/\/quesossierracrestellina.es\/blog\/reservas\/\"><span class=\"fusion-button-text awb-button__text awb-button__text--default\">Reserva una experiencia<\/span><\/a><\/div><div class=\"fusion-clearfix\"><\/div><\/div><\/div><\/div><\/div><div class=\"fusion-bg-parallax\" data-bg-align=\"center center\" data-direction=\"up\" data-mute=\"false\" data-opacity=\"100\" data-velocity=\"-0.3\" data-mobile-enabled=\"false\" data-break_parents=\"0\" data-bg-image=\"https:\/\/quesossierracrestellina.es\/blog\/wp-content\/uploads\/2020\/05\/50A0920.jpg\" data-bg-repeat=\"false\" data-bg-color=\"#6666a4\" ><\/div><div class=\"fusion-fullwidth fullwidth-box fusion-builder-row-4 fusion-parallax-up nonhundred-percent-fullwidth non-hundred-percent-height-scrolling\" style=\"--awb-border-sizes-top:0px;--awb-border-sizes-bottom:0px;--awb-border-sizes-left:0px;--awb-border-sizes-right:0px;--awb-border-radius-top-left:0px;--awb-border-radius-top-right:0px;--awb-border-radius-bottom-right:0px;--awb-border-radius-bottom-left:0px;--awb-padding-top:200px;--awb-padding-bottom:200px;--awb-background-color:#6666a4;--awb-background-image:url(&quot;https:\/\/quesossierracrestellina.es\/blog\/wp-content\/uploads\/2020\/05\/50A0920.jpg&quot;);--awb-background-size:cover;--awb-flex-wrap:wrap;\" ><div class=\"fusion-builder-row fusion-row\"><div class=\"fusion-layout-column fusion_builder_column fusion-builder-column-15 fusion_builder_column_1_1 1_1 fusion-one-full fusion-column-first fusion-column-last\" style=\"--awb-bg-blend:overlay;--awb-bg-size:cover;\"><div class=\"fusion-column-wrapper fusion-flex-column-wrapper-legacy\"><div class=\"fusion-title title fusion-title-4 fusion-title-center fusion-title-text fusion-title-size-three\" style=\"--awb-margin-top-small:0px;--awb-margin-right-small:0px;--awb-margin-bottom-small:20px;--awb-margin-left-small:0px;\"><div class=\"title-sep-container title-sep-container-left\"><div class=\"title-sep sep- sep-solid\" style=\"border-color:#e0dede;\"><\/div><\/div><span class=\"awb-title-spacer\"><\/span><h3 class=\"fusion-title-heading title-heading-center fusion-responsive-typography-calculated\" style=\"margin:0;--fontSize:30;line-height:2;\"><span style=\"color: #ffffff;\">Empresa familiar, ganaderos y elaboradores de queso de toda la vida.<\/span><\/h3><span class=\"awb-title-spacer\"><\/span><div class=\"title-sep-container title-sep-container-right\"><div class=\"title-sep sep- sep-solid\" style=\"border-color:#e0dede;\"><\/div><\/div><\/div><div class=\"fusion-clearfix\"><\/div><\/div><\/div><\/div><\/div><div class=\"fusion-fullwidth fullwidth-box fusion-builder-row-5 nonhundred-percent-fullwidth non-hundred-percent-height-scrolling fusion-no-small-visibility\" style=\"--awb-background-position:left top;--awb-border-sizes-top:0px;--awb-border-sizes-bottom:0px;--awb-border-sizes-left:0px;--awb-border-sizes-right:0px;--awb-border-radius-top-left:0px;--awb-border-radius-top-right:0px;--awb-border-radius-bottom-right:0px;--awb-border-radius-bottom-left:0px;--awb-padding-top:60px;--awb-padding-bottom:35px;--awb-flex-wrap:wrap;\" ><div class=\"fusion-builder-row fusion-row\"><div class=\"fusion-layout-column fusion_builder_column fusion-builder-column-16 fusion_builder_column_1_1 1_1 fusion-one-full fusion-column-first fusion-column-last fusion-column-no-min-height\" style=\"--awb-bg-blend:overlay;--awb-bg-size:cover;--awb-margin-bottom:0px;\"><div class=\"fusion-column-wrapper fusion-flex-column-wrapper-legacy\"><div class=\"fusion-title title fusion-title-5 fusion-title-center fusion-title-text fusion-title-size-two\" style=\"--awb-margin-top-small:0px;--awb-margin-right-small:0px;--awb-margin-bottom-small:20px;--awb-margin-left-small:0px;--awb-font-size:54px;\"><div class=\"title-sep-container title-sep-container-left\"><div class=\"title-sep sep- sep-solid\" style=\"border-color:#e0dede;\"><\/div><\/div><span class=\"awb-title-spacer\"><\/span><h2 class=\"fusion-title-heading title-heading-center fusion-responsive-typography-calculated\" style=\"margin:0;font-size:1em;--fontSize:54;line-height:2;\">NOTICIAS<\/h2><span class=\"awb-title-spacer\"><\/span><div class=\"title-sep-container title-sep-container-right\"><div class=\"title-sep sep- sep-solid\" style=\"border-color:#e0dede;\"><\/div><\/div><\/div><div class=\"fusion-sep-clear\"><\/div><div class=\"fusion-separator\" style=\"margin-left: auto;margin-right: auto;margin-top:20px;margin-bottom:40px;width:100%;max-width:170px;\"><div class=\"fusion-separator-border sep-single sep-solid\" style=\"--awb-height:20px;--awb-amount:20px;--awb-sep-color:#000000;border-color:#000000;border-top-width:1px;\"><\/div><\/div><div class=\"fusion-sep-clear\"><\/div><div class=\"fusion-clearfix\"><\/div><\/div><\/div><div class=\"fusion-layout-column fusion_builder_column fusion-builder-column-17 fusion_builder_column_1_6 1_6 fusion-one-sixth fusion-column-first\" style=\"--awb-bg-blend:overlay;--awb-bg-size:cover;width:13.3333%; margin-right: 4%;\"><div class=\"fusion-column-wrapper fusion-flex-column-wrapper-legacy\"><div class=\"fusion-clearfix\"><\/div><\/div><\/div><div class=\"fusion-layout-column fusion_builder_column fusion-builder-column-18 fusion_builder_column_2_3 2_3 fusion-two-third\" style=\"--awb-bg-blend:overlay;--awb-bg-size:cover;width:65.3333%; margin-right: 4%;\"><div class=\"fusion-column-wrapper fusion-flex-column-wrapper-legacy\"><div class=\"fusion-blog-shortcode fusion-blog-shortcode-1 fusion-blog-archive fusion-blog-layout-medium-alternate fusion-blog-no\"><div class=\"fusion-posts-container fusion-posts-container-no\" data-pages=\"12\"><article id=\"blog-1-post-1605\" class=\"fusion-post-medium-alternate post-1605 post type-post status-publish format-video has-post-thumbnail hentry category-reportajes tag-canal-malaga post_format-post-format-video\">\n<div class=\"fusion-date-and-formats\"><div class=\"fusion-date-box updated\"><span class=\"fusion-date\">4<\/span><span class=\"fusion-month-year\">octubre 2023<\/span><\/div><div class=\"fusion-format-box\"><i class=\"awb-icon-film\" aria-hidden=\"true\"><\/i><\/div><\/div>\t<style type=\"text\/css\">\n\t\t\n\t\t\n\t\t\n\t\t\n\t\t\t<\/style>\n\n\n\t\t\t<div class=\"fusion-flexslider flexslider fusion-flexslider-loading fusion-post-slideshow\" style=\"\">\n\t\t<ul class=\"slides\">\n\t\t\t\n\t\t\t\t\t\t\t\t\t\t\t\t\t\t<li><div  class=\"fusion-image-wrapper fusion-image-size-fixed\" aria-haspopup=\"true\">\n\t\t\t\t\t\t\t<a href=\"https:\/\/quesossierracrestellina.es\/blog\/2023\/10\/04\/crestellina-casares-programa-malaga-carretera-manta\/\" aria-label=\"Crestellina y Casares en el programa \u00abM\u00e1laga: Carretera y manta\u00bb\">\n\t\t\t\t\t\t\t<img decoding=\"async\" width=\"320\" height=\"202\" src=\"https:\/\/quesossierracrestellina.es\/blog\/wp-content\/uploads\/2023\/10\/20231002-canalmalaga-casares-2-320x202.jpg\" class=\"attachment-blog-medium size-blog-medium wp-post-image\" alt=\"Crestellina en el programa de Canal M\u00e1laga, &quot;M\u00e1laga: carretera y manta&quot;\" srcset=\"https:\/\/quesossierracrestellina.es\/blog\/wp-content\/uploads\/2023\/10\/20231002-canalmalaga-casares-2-320x202.jpg 320w, https:\/\/quesossierracrestellina.es\/blog\/wp-content\/uploads\/2023\/10\/20231002-canalmalaga-casares-2-700x441.jpg 700w\" sizes=\"(max-width: 320px) 100vw, 320px\" \/>\t\t\t<\/a>\n\t\t\t\t\t\t\t<\/div>\n<\/li>\n\t\t\t\n\t\t\t\n\t\t\t\t\t\t\t\t\t\t\t\t\t\t\t\t\t\t\t\t\t\t\t\t\t\t\t\t\t\t\t\t\t\t\t\t\t\t\t\t\t\t\t\t\t\t\t\t\t\t\t\t\t\t\t\t\t\t\t\t\t\t\t\t\t\t\t\t<\/ul>\n\t<\/div>\n\t<div class=\"fusion-post-content post-content\"><h2 class=\"blog-shortcode-post-title entry-title\"><a href=\"https:\/\/quesossierracrestellina.es\/blog\/2023\/10\/04\/crestellina-casares-programa-malaga-carretera-manta\/\">Crestellina y Casares en el programa \u00abM\u00e1laga: Carretera y manta\u00bb<\/a><\/h2><p class=\"fusion-single-line-meta\"><span class=\"vcard\" style=\"display: none;\"><span class=\"fn\"><a href=\"https:\/\/quesossierracrestellina.es\/blog\/author\/adminqueso\/\" title=\"Entradas de Quesos Sierra Crestellina\" rel=\"author\">Quesos Sierra Crestellina<\/a><\/span><\/span><span class=\"updated\" style=\"display:none;\">2023-10-05T07:15:30+00:00<\/span><span>octubre 4th, 2023<\/span><span class=\"fusion-inline-sep\">|<\/span>Categor\u00edas: <a href=\"https:\/\/quesossierracrestellina.es\/blog\/category\/reportajes\/\" rel=\"category tag\">Reportajes<\/a><span class=\"fusion-inline-sep\">|<\/span><span class=\"meta-tags\">Etiquetas: <a href=\"https:\/\/quesossierracrestellina.es\/blog\/tag\/canal-malaga\/\" rel=\"tag\">Canal M\u00e1laga<\/a><\/span><span class=\"fusion-inline-sep\">|<\/span><\/p><div class=\"fusion-post-content-container\"><p>\"M\u00e1laga, Carretera y Manta' es un programa de Canal M\u00e1laga Televisi\u00f3n presentado por L\u00eda Rom\u00e1n Carri\u00f3n, que descubre lugares tur\u00edsticos con encanto y que son dignos de ser visitados. Se emite todos los lunes, a las 22:00 horas, en Canal M\u00e1laga Televisi\u00f3n. El primer cap\u00edtulo de esta temporada 2023 se ha grabado en Casares<\/p><\/div><\/div><div class=\"fusion-clearfix\"><\/div><\/article>\n<article id=\"blog-1-post-1601\" class=\"fusion-post-medium-alternate post-1601 post type-post status-publish format-video has-post-thumbnail hentry category-reportajes tag-cabra-payoya post_format-post-format-video\">\n<div class=\"fusion-date-and-formats\"><div class=\"fusion-date-box updated\"><span class=\"fusion-date\">20<\/span><span class=\"fusion-month-year\">agosto 2023<\/span><\/div><div class=\"fusion-format-box\"><i class=\"awb-icon-film\" aria-hidden=\"true\"><\/i><\/div><\/div>\t<style type=\"text\/css\">\n\t\t\n\t\t\n\t\t\n\t\t\n\t\t\t<\/style>\n\n\n\t\t\t<div class=\"fusion-flexslider flexslider fusion-flexslider-loading fusion-post-slideshow\" style=\"\">\n\t\t<ul class=\"slides\">\n\t\t\t\n\t\t\t\t\t\t\t\t\t\t\t\t\t\t<li><div  class=\"fusion-image-wrapper fusion-image-size-fixed\" aria-haspopup=\"true\">\n\t\t\t\t\t\t\t<a href=\"https:\/\/quesossierracrestellina.es\/blog\/2023\/08\/20\/crestellina-empresa-familiar-haciendo-queso-forma-sostenible-espana-rural\/\" aria-label=\"Crestellina, una empresa familiar haciendo queso de forma sostenible en la Espa\u00f1a rural\">\n\t\t\t\t\t\t\t<img decoding=\"async\" width=\"320\" height=\"202\" src=\"https:\/\/quesossierracrestellina.es\/blog\/wp-content\/uploads\/2023\/10\/crestellina-tararafilms-320x202.jpg\" class=\"attachment-blog-medium size-blog-medium wp-post-image\" alt=\"Juan Oca\u00f1a. Crestellina (Casares)\" srcset=\"https:\/\/quesossierracrestellina.es\/blog\/wp-content\/uploads\/2023\/10\/crestellina-tararafilms-320x202.jpg 320w, https:\/\/quesossierracrestellina.es\/blog\/wp-content\/uploads\/2023\/10\/crestellina-tararafilms-700x441.jpg 700w\" sizes=\"(max-width: 320px) 100vw, 320px\" \/>\t\t\t<\/a>\n\t\t\t\t\t\t\t<\/div>\n<\/li>\n\t\t\t\n\t\t\t\n\t\t\t\t\t\t\t\t\t\t\t\t\t\t\t\t\t\t\t\t\t\t\t\t\t\t\t\t\t\t\t\t\t\t\t\t\t\t\t\t\t\t\t\t\t\t\t\t\t\t\t\t\t\t\t\t\t\t\t\t\t\t\t\t\t\t\t\t<\/ul>\n\t<\/div>\n\t<div class=\"fusion-post-content post-content\"><h2 class=\"blog-shortcode-post-title entry-title\"><a href=\"https:\/\/quesossierracrestellina.es\/blog\/2023\/08\/20\/crestellina-empresa-familiar-haciendo-queso-forma-sostenible-espana-rural\/\">Crestellina, una empresa familiar haciendo queso de forma sostenible en la Espa\u00f1a rural<\/a><\/h2><p class=\"fusion-single-line-meta\"><span class=\"vcard\" style=\"display: none;\"><span class=\"fn\"><a href=\"https:\/\/quesossierracrestellina.es\/blog\/author\/adminqueso\/\" title=\"Entradas de Quesos Sierra Crestellina\" rel=\"author\">Quesos Sierra Crestellina<\/a><\/span><\/span><span class=\"updated\" style=\"display:none;\">2023-10-05T07:16:11+00:00<\/span><span>agosto 20th, 2023<\/span><span class=\"fusion-inline-sep\">|<\/span>Categor\u00edas: <a href=\"https:\/\/quesossierracrestellina.es\/blog\/category\/reportajes\/\" rel=\"category tag\">Reportajes<\/a><span class=\"fusion-inline-sep\">|<\/span><span class=\"meta-tags\">Etiquetas: <a href=\"https:\/\/quesossierracrestellina.es\/blog\/tag\/cabra-payoya\/\" rel=\"tag\">Cabra payoya<\/a><\/span><span class=\"fusion-inline-sep\">|<\/span><\/p><div class=\"fusion-post-content-container\"><p>Crestellina ha sido protagonista con nuestra tradici\u00f3n familiar y nuestra forma de sentir la naturaleza, de un nuevo audiovisual de muy buena factura, realizado por Tararafilms.<\/p><\/div><\/div><div class=\"fusion-clearfix\"><\/div><\/article>\n<article id=\"blog-1-post-1567\" class=\"fusion-post-medium-alternate post-1567 post type-post status-publish format-standard has-post-thumbnail hentry category-general tag-premios-km-0\">\n<div class=\"fusion-date-and-formats\"><div class=\"fusion-date-box updated\"><span class=\"fusion-date\">10<\/span><span class=\"fusion-month-year\">octubre 2022<\/span><\/div><div class=\"fusion-format-box\"><i class=\"awb-icon-pen\" aria-hidden=\"true\"><\/i><\/div><\/div>\t<style type=\"text\/css\">\n\t\t\n\t\t\n\t\t\n\t\t\n\t\t\t<\/style>\n\n\n\t\t\t<div class=\"fusion-flexslider flexslider fusion-flexslider-loading fusion-post-slideshow\" style=\"\">\n\t\t<ul class=\"slides\">\n\t\t\t\n\t\t\t\t\t\t\t\t\t\t\t\t\t\t<li><div  class=\"fusion-image-wrapper fusion-image-size-fixed\" aria-haspopup=\"true\">\n\t\t\t\t\t\t\t<a href=\"https:\/\/quesossierracrestellina.es\/blog\/2022\/10\/10\/club-gastronomico-km-0-premia-crestellina\/\" aria-label=\"El Club Gastron\u00f3mico Km 0 premia a Crestellina\">\n\t\t\t\t\t\t\t<img decoding=\"async\" width=\"320\" height=\"202\" src=\"https:\/\/quesossierracrestellina.es\/blog\/wp-content\/uploads\/2022\/12\/malaga-km0-premios-320x202.jpg\" class=\"attachment-blog-medium size-blog-medium wp-post-image\" alt=\"Premio Mejor Productor Km 0 para Crestellina\" srcset=\"https:\/\/quesossierracrestellina.es\/blog\/wp-content\/uploads\/2022\/12\/malaga-km0-premios-320x202.jpg 320w, https:\/\/quesossierracrestellina.es\/blog\/wp-content\/uploads\/2022\/12\/malaga-km0-premios-700x441.jpg 700w\" sizes=\"(max-width: 320px) 100vw, 320px\" \/>\t\t\t<\/a>\n\t\t\t\t\t\t\t<\/div>\n<\/li>\n\t\t\t\n\t\t\t\n\t\t\t\t\t\t\t\t\t\t\t\t\t\t\t\t\t\t\t\t\t\t\t\t\t\t\t\t\t\t\t\t\t\t\t\t\t\t\t\t\t\t\t\t\t\t\t\t\t\t\t\t\t\t\t\t\t\t\t\t\t\t\t\t\t\t\t\t<\/ul>\n\t<\/div>\n\t<div class=\"fusion-post-content post-content\"><h2 class=\"blog-shortcode-post-title entry-title\"><a href=\"https:\/\/quesossierracrestellina.es\/blog\/2022\/10\/10\/club-gastronomico-km-0-premia-crestellina\/\">El Club Gastron\u00f3mico Km 0 premia a Crestellina<\/a><\/h2><p class=\"fusion-single-line-meta\"><span class=\"vcard\" style=\"display: none;\"><span class=\"fn\"><a href=\"https:\/\/quesossierracrestellina.es\/blog\/author\/adminqueso\/\" title=\"Entradas de Quesos Sierra Crestellina\" rel=\"author\">Quesos Sierra Crestellina<\/a><\/span><\/span><span class=\"updated\" style=\"display:none;\">2022-12-07T08:47:17+00:00<\/span><span>octubre 10th, 2022<\/span><span class=\"fusion-inline-sep\">|<\/span>Categor\u00edas: <a href=\"https:\/\/quesossierracrestellina.es\/blog\/category\/general\/\" rel=\"category tag\">General<\/a><span class=\"fusion-inline-sep\">|<\/span><span class=\"meta-tags\">Etiquetas: <a href=\"https:\/\/quesossierracrestellina.es\/blog\/tag\/premios-km-0\/\" rel=\"tag\">Premios Km 0<\/a><\/span><span class=\"fusion-inline-sep\">|<\/span><\/p><div class=\"fusion-post-content-container\"><p>El Club Gastron\u00f3mico Kil\u00f3metro Cero ha otorgado su Premios Kil\u00f3metro Cero 2022 como Mejor Productor a Crestellina,  \"que combina la producci\u00f3n en ecol\u00f3gico de quesos de cabra payoya con la difusi\u00f3n de los valores de esta raza aut\u00f3ctona de la Serran\u00eda de Ronda a trav\u00e9s de visitas, actividades, talleres, alojamiento en la propia queser\u00eda, y 'cheese bar'.\"<\/p><\/div><\/div><div class=\"fusion-clearfix\"><\/div><\/article>\n<\/div><\/div><div class=\"fusion-clearfix\"><\/div><\/div><\/div><div class=\"fusion-layout-column fusion_builder_column fusion-builder-column-19 fusion_builder_column_1_6 1_6 fusion-one-sixth fusion-column-last\" style=\"--awb-bg-blend:overlay;--awb-bg-size:cover;width:13.3333%;\"><div class=\"fusion-column-wrapper fusion-flex-column-wrapper-legacy\"><div class=\"fusion-clearfix\"><\/div><\/div><\/div><div class=\"fusion-layout-column fusion_builder_column fusion-builder-column-20 fusion_builder_column_1_1 1_1 fusion-one-full fusion-column-first fusion-column-last fusion-column-no-min-height\" style=\"--awb-bg-size:cover;--awb-margin-top:60px;--awb-margin-bottom:60px;\"><div class=\"fusion-column-wrapper fusion-column-has-shadow fusion-flex-column-wrapper-legacy\"><div class=\"fusion-button-wrapper fusion-aligncenter\"><a class=\"fusion-button button-flat button-xlarge button-default fusion-button-default button-3 fusion-button-default-span fusion-button-default-type\" target=\"_self\" href=\"https:\/\/quesossierracrestellina.es\/blog\/noticias\/\"><span class=\"fusion-button-text awb-button__text awb-button__text--default\">M\u00e1s noticias<\/span><\/a><\/div><div class=\"fusion-clearfix\"><\/div><\/div><\/div><\/div><\/div><div class=\"fusion-fullwidth fullwidth-box fusion-builder-row-6 nonhundred-percent-fullwidth non-hundred-percent-height-scrolling fusion-no-medium-visibility fusion-no-large-visibility\" style=\"--awb-background-position:left top;--awb-border-sizes-top:0px;--awb-border-sizes-bottom:0px;--awb-border-sizes-left:0px;--awb-border-sizes-right:0px;--awb-border-radius-top-left:0px;--awb-border-radius-top-right:0px;--awb-border-radius-bottom-right:0px;--awb-border-radius-bottom-left:0px;--awb-padding-top:60px;--awb-padding-bottom:35px;--awb-flex-wrap:wrap;\" ><div class=\"fusion-builder-row fusion-row\"><div class=\"fusion-layout-column fusion_builder_column fusion-builder-column-21 fusion_builder_column_1_1 1_1 fusion-one-full fusion-column-first fusion-column-last fusion-column-no-min-height\" style=\"--awb-bg-blend:overlay;--awb-bg-size:cover;--awb-margin-bottom:0px;\"><div class=\"fusion-column-wrapper fusion-flex-column-wrapper-legacy\"><div class=\"fusion-title title fusion-title-6 fusion-title-center fusion-title-text fusion-title-size-two\" style=\"--awb-margin-top-small:0px;--awb-margin-right-small:0px;--awb-margin-bottom-small:20px;--awb-margin-left-small:0px;--awb-font-size:54px;\"><div class=\"title-sep-container title-sep-container-left\"><div class=\"title-sep sep- sep-solid\" style=\"border-color:#e0dede;\"><\/div><\/div><span class=\"awb-title-spacer\"><\/span><h2 class=\"fusion-title-heading title-heading-center fusion-responsive-typography-calculated\" style=\"margin:0;font-size:1em;--fontSize:54;line-height:2;\">NOTICIAS<\/h2><span class=\"awb-title-spacer\"><\/span><div class=\"title-sep-container title-sep-container-right\"><div class=\"title-sep sep- sep-solid\" style=\"border-color:#e0dede;\"><\/div><\/div><\/div><div class=\"fusion-sep-clear\"><\/div><div class=\"fusion-separator\" style=\"margin-left: auto;margin-right: auto;margin-top:20px;margin-bottom:40px;width:100%;max-width:170px;\"><div class=\"fusion-separator-border sep-single sep-solid\" style=\"--awb-height:20px;--awb-amount:20px;--awb-sep-color:#000000;border-color:#000000;border-top-width:1px;\"><\/div><\/div><div class=\"fusion-sep-clear\"><\/div><div class=\"fusion-clearfix\"><\/div><\/div><\/div><div class=\"fusion-layout-column fusion_builder_column fusion-builder-column-22 fusion_builder_column_1_6 1_6 fusion-one-sixth fusion-column-first\" style=\"--awb-bg-blend:overlay;--awb-bg-size:cover;width:13.3333%; margin-right: 4%;\"><div class=\"fusion-column-wrapper fusion-flex-column-wrapper-legacy\"><div class=\"fusion-clearfix\"><\/div><\/div><\/div><div class=\"fusion-layout-column fusion_builder_column fusion-builder-column-23 fusion_builder_column_2_3 2_3 fusion-two-third\" style=\"--awb-bg-blend:overlay;--awb-bg-size:cover;width:65.3333%; margin-right: 4%;\"><div class=\"fusion-column-wrapper fusion-flex-column-wrapper-legacy\"><div class=\"fusion-blog-shortcode fusion-blog-shortcode-2 fusion-blog-archive fusion-blog-layout-medium fusion-blog-no\"><div class=\"fusion-posts-container fusion-posts-container-no\" data-pages=\"12\"><article id=\"blog-2-post-1605\" class=\"fusion-post-medium post-1605 post type-post status-publish format-video has-post-thumbnail hentry category-reportajes tag-canal-malaga post_format-post-format-video\">\n\t<style type=\"text\/css\">\n\t\t\n\t\t\n\t\t\n\t\t\n\t\t\t<\/style>\n\n\n\t\t\t<div class=\"fusion-flexslider flexslider fusion-flexslider-loading fusion-post-slideshow\" style=\"\">\n\t\t<ul class=\"slides\">\n\t\t\t\n\t\t\t\t\t\t\t\t\t\t\t\t\t\t<li><div  class=\"fusion-image-wrapper fusion-image-size-fixed\" aria-haspopup=\"true\">\n\t\t\t\t\t\t\t<a href=\"https:\/\/quesossierracrestellina.es\/blog\/2023\/10\/04\/crestellina-casares-programa-malaga-carretera-manta\/\" aria-label=\"Crestellina y Casares en el programa \u00abM\u00e1laga: Carretera y manta\u00bb\">\n\t\t\t\t\t\t\t<img decoding=\"async\" width=\"320\" height=\"202\" src=\"https:\/\/quesossierracrestellina.es\/blog\/wp-content\/uploads\/2023\/10\/20231002-canalmalaga-casares-2-320x202.jpg\" class=\"attachment-blog-medium size-blog-medium wp-post-image\" alt=\"Crestellina en el programa de Canal M\u00e1laga, &quot;M\u00e1laga: carretera y manta&quot;\" srcset=\"https:\/\/quesossierracrestellina.es\/blog\/wp-content\/uploads\/2023\/10\/20231002-canalmalaga-casares-2-320x202.jpg 320w, https:\/\/quesossierracrestellina.es\/blog\/wp-content\/uploads\/2023\/10\/20231002-canalmalaga-casares-2-700x441.jpg 700w\" sizes=\"(max-width: 320px) 100vw, 320px\" \/>\t\t\t<\/a>\n\t\t\t\t\t\t\t<\/div>\n<\/li>\n\t\t\t\n\t\t\t\n\t\t\t\t\t\t\t\t\t\t\t\t\t\t\t\t\t\t\t\t\t\t\t\t\t\t\t\t\t\t\t\t\t\t\t\t\t\t\t\t\t\t\t\t\t\t\t\t\t\t\t\t\t\t\t\t\t\t\t\t\t\t\t\t\t\t\t\t<\/ul>\n\t<\/div>\n\t<div class=\"fusion-post-content post-content\"><h2 class=\"blog-shortcode-post-title entry-title\"><a href=\"https:\/\/quesossierracrestellina.es\/blog\/2023\/10\/04\/crestellina-casares-programa-malaga-carretera-manta\/\">Crestellina y Casares en el programa \u00abM\u00e1laga: Carretera y manta\u00bb<\/a><\/h2><div class=\"fusion-post-content-container\"><p>\"M\u00e1laga, Carretera y Manta' es un programa de Canal M\u00e1laga Televisi\u00f3n presentado por L\u00eda Rom\u00e1n Carri\u00f3n, que descubre lugares tur\u00edsticos con encanto y que son dignos de ser visitados. Se emite todos los lunes, a las 22:00 horas, en Canal M\u00e1laga Televisi\u00f3n. El primer cap\u00edtulo de esta temporada 2023 se ha grabado en Casares<\/p><\/div><\/div><div class=\"fusion-clearfix\"><\/div><div class=\"fusion-meta-info\"><div class=\"fusion-alignleft\"><span class=\"vcard\" style=\"display: none;\"><span class=\"fn\"><a href=\"https:\/\/quesossierracrestellina.es\/blog\/author\/adminqueso\/\" title=\"Entradas de Quesos Sierra Crestellina\" rel=\"author\">Quesos Sierra Crestellina<\/a><\/span><\/span><span class=\"updated\" style=\"display:none;\">2023-10-05T07:15:30+00:00<\/span><span>octubre 4th, 2023<\/span><span class=\"fusion-inline-sep\">|<\/span>Categor\u00edas: <a href=\"https:\/\/quesossierracrestellina.es\/blog\/category\/reportajes\/\" rel=\"category tag\">Reportajes<\/a><span class=\"fusion-inline-sep\">|<\/span><span class=\"meta-tags\">Etiquetas: <a href=\"https:\/\/quesossierracrestellina.es\/blog\/tag\/canal-malaga\/\" rel=\"tag\">Canal M\u00e1laga<\/a><\/span><span class=\"fusion-inline-sep\">|<\/span><\/div><\/div><\/article>\n<article id=\"blog-2-post-1601\" class=\"fusion-post-medium post-1601 post type-post status-publish format-video has-post-thumbnail hentry category-reportajes tag-cabra-payoya post_format-post-format-video\">\n\t<style type=\"text\/css\">\n\t\t\n\t\t\n\t\t\n\t\t\n\t\t\t<\/style>\n\n\n\t\t\t<div class=\"fusion-flexslider flexslider fusion-flexslider-loading fusion-post-slideshow\" style=\"\">\n\t\t<ul class=\"slides\">\n\t\t\t\n\t\t\t\t\t\t\t\t\t\t\t\t\t\t<li><div  class=\"fusion-image-wrapper fusion-image-size-fixed\" aria-haspopup=\"true\">\n\t\t\t\t\t\t\t<a href=\"https:\/\/quesossierracrestellina.es\/blog\/2023\/08\/20\/crestellina-empresa-familiar-haciendo-queso-forma-sostenible-espana-rural\/\" aria-label=\"Crestellina, una empresa familiar haciendo queso de forma sostenible en la Espa\u00f1a rural\">\n\t\t\t\t\t\t\t<img decoding=\"async\" width=\"320\" height=\"202\" src=\"https:\/\/quesossierracrestellina.es\/blog\/wp-content\/uploads\/2023\/10\/crestellina-tararafilms-320x202.jpg\" class=\"attachment-blog-medium size-blog-medium wp-post-image\" alt=\"Juan Oca\u00f1a. Crestellina (Casares)\" srcset=\"https:\/\/quesossierracrestellina.es\/blog\/wp-content\/uploads\/2023\/10\/crestellina-tararafilms-320x202.jpg 320w, https:\/\/quesossierracrestellina.es\/blog\/wp-content\/uploads\/2023\/10\/crestellina-tararafilms-700x441.jpg 700w\" sizes=\"(max-width: 320px) 100vw, 320px\" \/>\t\t\t<\/a>\n\t\t\t\t\t\t\t<\/div>\n<\/li>\n\t\t\t\n\t\t\t\n\t\t\t\t\t\t\t\t\t\t\t\t\t\t\t\t\t\t\t\t\t\t\t\t\t\t\t\t\t\t\t\t\t\t\t\t\t\t\t\t\t\t\t\t\t\t\t\t\t\t\t\t\t\t\t\t\t\t\t\t\t\t\t\t\t\t\t\t<\/ul>\n\t<\/div>\n\t<div class=\"fusion-post-content post-content\"><h2 class=\"blog-shortcode-post-title entry-title\"><a href=\"https:\/\/quesossierracrestellina.es\/blog\/2023\/08\/20\/crestellina-empresa-familiar-haciendo-queso-forma-sostenible-espana-rural\/\">Crestellina, una empresa familiar haciendo queso de forma sostenible en la Espa\u00f1a rural<\/a><\/h2><div class=\"fusion-post-content-container\"><p>Crestellina ha sido protagonista con nuestra tradici\u00f3n familiar y nuestra forma de sentir la naturaleza, de un nuevo audiovisual de muy buena factura, realizado por Tararafilms.<\/p><\/div><\/div><div class=\"fusion-clearfix\"><\/div><div class=\"fusion-meta-info\"><div class=\"fusion-alignleft\"><span class=\"vcard\" style=\"display: none;\"><span class=\"fn\"><a href=\"https:\/\/quesossierracrestellina.es\/blog\/author\/adminqueso\/\" title=\"Entradas de Quesos Sierra Crestellina\" rel=\"author\">Quesos Sierra Crestellina<\/a><\/span><\/span><span class=\"updated\" style=\"display:none;\">2023-10-05T07:16:11+00:00<\/span><span>agosto 20th, 2023<\/span><span class=\"fusion-inline-sep\">|<\/span>Categor\u00edas: <a href=\"https:\/\/quesossierracrestellina.es\/blog\/category\/reportajes\/\" rel=\"category tag\">Reportajes<\/a><span class=\"fusion-inline-sep\">|<\/span><span class=\"meta-tags\">Etiquetas: <a href=\"https:\/\/quesossierracrestellina.es\/blog\/tag\/cabra-payoya\/\" rel=\"tag\">Cabra payoya<\/a><\/span><span class=\"fusion-inline-sep\">|<\/span><\/div><\/div><\/article>\n<article id=\"blog-2-post-1567\" class=\"fusion-post-medium post-1567 post type-post status-publish format-standard has-post-thumbnail hentry category-general tag-premios-km-0\">\n\t<style type=\"text\/css\">\n\t\t\n\t\t\n\t\t\n\t\t\n\t\t\t<\/style>\n\n\n\t\t\t<div class=\"fusion-flexslider flexslider fusion-flexslider-loading fusion-post-slideshow\" style=\"\">\n\t\t<ul class=\"slides\">\n\t\t\t\n\t\t\t\t\t\t\t\t\t\t\t\t\t\t<li><div  class=\"fusion-image-wrapper fusion-image-size-fixed\" aria-haspopup=\"true\">\n\t\t\t\t\t\t\t<a href=\"https:\/\/quesossierracrestellina.es\/blog\/2022\/10\/10\/club-gastronomico-km-0-premia-crestellina\/\" aria-label=\"El Club Gastron\u00f3mico Km 0 premia a Crestellina\">\n\t\t\t\t\t\t\t<img decoding=\"async\" width=\"320\" height=\"202\" src=\"https:\/\/quesossierracrestellina.es\/blog\/wp-content\/uploads\/2022\/12\/malaga-km0-premios-320x202.jpg\" class=\"attachment-blog-medium size-blog-medium wp-post-image\" alt=\"Premio Mejor Productor Km 0 para Crestellina\" srcset=\"https:\/\/quesossierracrestellina.es\/blog\/wp-content\/uploads\/2022\/12\/malaga-km0-premios-320x202.jpg 320w, https:\/\/quesossierracrestellina.es\/blog\/wp-content\/uploads\/2022\/12\/malaga-km0-premios-700x441.jpg 700w\" sizes=\"(max-width: 320px) 100vw, 320px\" \/>\t\t\t<\/a>\n\t\t\t\t\t\t\t<\/div>\n<\/li>\n\t\t\t\n\t\t\t\n\t\t\t\t\t\t\t\t\t\t\t\t\t\t\t\t\t\t\t\t\t\t\t\t\t\t\t\t\t\t\t\t\t\t\t\t\t\t\t\t\t\t\t\t\t\t\t\t\t\t\t\t\t\t\t\t\t\t\t\t\t\t\t\t\t\t\t\t<\/ul>\n\t<\/div>\n\t<div class=\"fusion-post-content post-content\"><h2 class=\"blog-shortcode-post-title entry-title\"><a href=\"https:\/\/quesossierracrestellina.es\/blog\/2022\/10\/10\/club-gastronomico-km-0-premia-crestellina\/\">El Club Gastron\u00f3mico Km 0 premia a Crestellina<\/a><\/h2><div class=\"fusion-post-content-container\"><p>El Club Gastron\u00f3mico Kil\u00f3metro Cero ha otorgado su Premios Kil\u00f3metro Cero 2022 como Mejor Productor a Crestellina,  \"que combina la producci\u00f3n en ecol\u00f3gico de quesos de cabra payoya con la difusi\u00f3n de los valores de esta raza aut\u00f3ctona de la Serran\u00eda de Ronda a trav\u00e9s de visitas, actividades, talleres, alojamiento en la propia queser\u00eda, y 'cheese bar'.\"<\/p><\/div><\/div><div class=\"fusion-clearfix\"><\/div><div class=\"fusion-meta-info\"><div class=\"fusion-alignleft\"><span class=\"vcard\" style=\"display: none;\"><span class=\"fn\"><a href=\"https:\/\/quesossierracrestellina.es\/blog\/author\/adminqueso\/\" title=\"Entradas de Quesos Sierra Crestellina\" rel=\"author\">Quesos Sierra Crestellina<\/a><\/span><\/span><span class=\"updated\" style=\"display:none;\">2022-12-07T08:47:17+00:00<\/span><span>octubre 10th, 2022<\/span><span class=\"fusion-inline-sep\">|<\/span>Categor\u00edas: <a href=\"https:\/\/quesossierracrestellina.es\/blog\/category\/general\/\" rel=\"category tag\">General<\/a><span class=\"fusion-inline-sep\">|<\/span><span class=\"meta-tags\">Etiquetas: <a href=\"https:\/\/quesossierracrestellina.es\/blog\/tag\/premios-km-0\/\" rel=\"tag\">Premios Km 0<\/a><\/span><span class=\"fusion-inline-sep\">|<\/span><\/div><\/div><\/article>\n<\/div><\/div><div class=\"fusion-clearfix\"><\/div><\/div><\/div><div class=\"fusion-layout-column fusion_builder_column fusion-builder-column-24 fusion_builder_column_1_6 1_6 fusion-one-sixth fusion-column-last\" style=\"--awb-bg-blend:overlay;--awb-bg-size:cover;width:13.3333%;\"><div class=\"fusion-column-wrapper fusion-flex-column-wrapper-legacy\"><div class=\"fusion-clearfix\"><\/div><\/div><\/div><div class=\"fusion-layout-column fusion_builder_column fusion-builder-column-25 fusion_builder_column_1_1 1_1 fusion-one-full fusion-column-first fusion-column-last fusion-column-no-min-height\" style=\"--awb-bg-size:cover;--awb-margin-top:60px;--awb-margin-bottom:60px;\"><div class=\"fusion-column-wrapper fusion-column-has-shadow fusion-flex-column-wrapper-legacy\"><div class=\"fusion-button-wrapper fusion-aligncenter\"><a class=\"fusion-button button-flat button-xlarge button-default fusion-button-default button-4 fusion-button-default-span fusion-button-default-type\" target=\"_self\" href=\"https:\/\/quesossierracrestellina.es\/blog\/noticias\/\"><span class=\"fusion-button-text awb-button__text awb-button__text--default\">M\u00e1s noticias<\/span><\/a><\/div><div class=\"fusion-clearfix\"><\/div><\/div><\/div><\/div><\/div><\/p>\n","protected":false},"excerpt":{"rendered":"","protected":false},"author":1,"featured_media":882,"parent":0,"menu_order":0,"comment_status":"closed","ping_status":"open","template":"100-width.php","meta":{"footnotes":""},"class_list":["post-836","page","type-page","status-publish","has-post-thumbnail","hentry"],"yoast_head":"<!-- This site is optimized with the Yoast SEO plugin v27.5 - https:\/\/yoast.com\/product\/yoast-seo-wordpress\/ -->\n<title>Inicio - Crestellina<\/title>\n<meta name=\"robots\" content=\"index, follow, max-snippet:-1, max-image-preview:large, max-video-preview:-1\" \/>\n<link rel=\"canonical\" href=\"https:\/\/quesossierracrestellina.es\/blog\/\" \/>\n<meta property=\"og:locale\" content=\"es_ES\" \/>\n<meta property=\"og:type\" content=\"article\" \/>\n<meta property=\"og:title\" content=\"Inicio - Crestellina\" \/>\n<meta property=\"og:url\" content=\"https:\/\/quesossierracrestellina.es\/blog\/\" \/>\n<meta property=\"og:site_name\" content=\"Crestellina\" \/>\n<meta property=\"article:publisher\" content=\"https:\/\/www.facebook.com\/quesoscrestellina.quesossierracrestellina\" \/>\n<meta property=\"article:modified_time\" content=\"2022-11-03T10:48:20+00:00\" \/>\n<meta property=\"og:image\" content=\"https:\/\/quesossierracrestellina.es\/blog\/wp-content\/uploads\/2020\/05\/50A0920.jpg\" \/>\n\t<meta property=\"og:image:width\" content=\"1900\" \/>\n\t<meta property=\"og:image:height\" content=\"1169\" \/>\n\t<meta property=\"og:image:type\" content=\"image\/jpeg\" \/>\n<meta name=\"twitter:card\" content=\"summary_large_image\" \/>\n<meta name=\"twitter:label1\" content=\"Tiempo de lectura\" \/>\n\t<meta name=\"twitter:data1\" content=\"11 minutos\" \/>\n<script type=\"application\/ld+json\" class=\"yoast-schema-graph\">{\"@context\":\"https:\\\/\\\/schema.org\",\"@graph\":[{\"@type\":\"WebPage\",\"@id\":\"https:\\\/\\\/quesossierracrestellina.es\\\/blog\\\/\",\"url\":\"https:\\\/\\\/quesossierracrestellina.es\\\/blog\\\/\",\"name\":\"Inicio - Crestellina\",\"isPartOf\":{\"@id\":\"https:\\\/\\\/quesossierracrestellina.es\\\/blog\\\/#website\"},\"primaryImageOfPage\":{\"@id\":\"https:\\\/\\\/quesossierracrestellina.es\\\/blog\\\/#primaryimage\"},\"image\":{\"@id\":\"https:\\\/\\\/quesossierracrestellina.es\\\/blog\\\/#primaryimage\"},\"thumbnailUrl\":\"https:\\\/\\\/quesossierracrestellina.es\\\/blog\\\/wp-content\\\/uploads\\\/2020\\\/05\\\/50A0920.jpg\",\"datePublished\":\"2015-01-27T11:54:04+00:00\",\"dateModified\":\"2022-11-03T10:48:20+00:00\",\"breadcrumb\":{\"@id\":\"https:\\\/\\\/quesossierracrestellina.es\\\/blog\\\/#breadcrumb\"},\"inLanguage\":\"es\",\"potentialAction\":[{\"@type\":\"ReadAction\",\"target\":[\"https:\\\/\\\/quesossierracrestellina.es\\\/blog\\\/\"]}]},{\"@type\":\"ImageObject\",\"inLanguage\":\"es\",\"@id\":\"https:\\\/\\\/quesossierracrestellina.es\\\/blog\\\/#primaryimage\",\"url\":\"https:\\\/\\\/quesossierracrestellina.es\\\/blog\\\/wp-content\\\/uploads\\\/2020\\\/05\\\/50A0920.jpg\",\"contentUrl\":\"https:\\\/\\\/quesossierracrestellina.es\\\/blog\\\/wp-content\\\/uploads\\\/2020\\\/05\\\/50A0920.jpg\",\"width\":1900,\"height\":1169},{\"@type\":\"BreadcrumbList\",\"@id\":\"https:\\\/\\\/quesossierracrestellina.es\\\/blog\\\/#breadcrumb\",\"itemListElement\":[{\"@type\":\"ListItem\",\"position\":1,\"name\":\"Portada\",\"item\":\"https:\\\/\\\/quesossierracrestellina.es\\\/blog\\\/\"},{\"@type\":\"ListItem\",\"position\":2,\"name\":\"Inicio\"}]},{\"@type\":\"WebSite\",\"@id\":\"https:\\\/\\\/quesossierracrestellina.es\\\/blog\\\/#website\",\"url\":\"https:\\\/\\\/quesossierracrestellina.es\\\/blog\\\/\",\"name\":\"Quesos Sierra Crestellina\",\"description\":\"Sencillos por naturaleza\",\"publisher\":{\"@id\":\"https:\\\/\\\/quesossierracrestellina.es\\\/blog\\\/#organization\"},\"potentialAction\":[{\"@type\":\"SearchAction\",\"target\":{\"@type\":\"EntryPoint\",\"urlTemplate\":\"https:\\\/\\\/quesossierracrestellina.es\\\/blog\\\/?s={search_term_string}\"},\"query-input\":{\"@type\":\"PropertyValueSpecification\",\"valueRequired\":true,\"valueName\":\"search_term_string\"}}],\"inLanguage\":\"es\"},{\"@type\":\"Organization\",\"@id\":\"https:\\\/\\\/quesossierracrestellina.es\\\/blog\\\/#organization\",\"name\":\"Quesos Sierra Crestellina\",\"url\":\"https:\\\/\\\/quesossierracrestellina.es\\\/blog\\\/\",\"logo\":{\"@type\":\"ImageObject\",\"inLanguage\":\"es\",\"@id\":\"https:\\\/\\\/quesossierracrestellina.es\\\/blog\\\/#\\\/schema\\\/logo\\\/image\\\/\",\"url\":\"https:\\\/\\\/quesossierracrestellina.es\\\/blog\\\/wp-content\\\/uploads\\\/2020\\\/05\\\/logo-crestellina.jpg\",\"contentUrl\":\"https:\\\/\\\/quesossierracrestellina.es\\\/blog\\\/wp-content\\\/uploads\\\/2020\\\/05\\\/logo-crestellina.jpg\",\"width\":800,\"height\":800,\"caption\":\"Quesos Sierra Crestellina\"},\"image\":{\"@id\":\"https:\\\/\\\/quesossierracrestellina.es\\\/blog\\\/#\\\/schema\\\/logo\\\/image\\\/\"},\"sameAs\":[\"https:\\\/\\\/www.facebook.com\\\/quesoscrestellina.quesossierracrestellina\",\"https:\\\/\\\/www.instagram.com\\\/queseriasierracrestellina\\\/\"]}]}<\/script>\n<!-- \/ Yoast SEO plugin. -->","yoast_head_json":{"title":"Inicio - Crestellina","robots":{"index":"index","follow":"follow","max-snippet":"max-snippet:-1","max-image-preview":"max-image-preview:large","max-video-preview":"max-video-preview:-1"},"canonical":"https:\/\/quesossierracrestellina.es\/blog\/","og_locale":"es_ES","og_type":"article","og_title":"Inicio - Crestellina","og_url":"https:\/\/quesossierracrestellina.es\/blog\/","og_site_name":"Crestellina","article_publisher":"https:\/\/www.facebook.com\/quesoscrestellina.quesossierracrestellina","article_modified_time":"2022-11-03T10:48:20+00:00","og_image":[{"width":1900,"height":1169,"url":"https:\/\/quesossierracrestellina.es\/blog\/wp-content\/uploads\/2020\/05\/50A0920.jpg","type":"image\/jpeg"}],"twitter_card":"summary_large_image","twitter_misc":{"Tiempo de lectura":"11 minutos"},"schema":{"@context":"https:\/\/schema.org","@graph":[{"@type":"WebPage","@id":"https:\/\/quesossierracrestellina.es\/blog\/","url":"https:\/\/quesossierracrestellina.es\/blog\/","name":"Inicio - Crestellina","isPartOf":{"@id":"https:\/\/quesossierracrestellina.es\/blog\/#website"},"primaryImageOfPage":{"@id":"https:\/\/quesossierracrestellina.es\/blog\/#primaryimage"},"image":{"@id":"https:\/\/quesossierracrestellina.es\/blog\/#primaryimage"},"thumbnailUrl":"https:\/\/quesossierracrestellina.es\/blog\/wp-content\/uploads\/2020\/05\/50A0920.jpg","datePublished":"2015-01-27T11:54:04+00:00","dateModified":"2022-11-03T10:48:20+00:00","breadcrumb":{"@id":"https:\/\/quesossierracrestellina.es\/blog\/#breadcrumb"},"inLanguage":"es","potentialAction":[{"@type":"ReadAction","target":["https:\/\/quesossierracrestellina.es\/blog\/"]}]},{"@type":"ImageObject","inLanguage":"es","@id":"https:\/\/quesossierracrestellina.es\/blog\/#primaryimage","url":"https:\/\/quesossierracrestellina.es\/blog\/wp-content\/uploads\/2020\/05\/50A0920.jpg","contentUrl":"https:\/\/quesossierracrestellina.es\/blog\/wp-content\/uploads\/2020\/05\/50A0920.jpg","width":1900,"height":1169},{"@type":"BreadcrumbList","@id":"https:\/\/quesossierracrestellina.es\/blog\/#breadcrumb","itemListElement":[{"@type":"ListItem","position":1,"name":"Portada","item":"https:\/\/quesossierracrestellina.es\/blog\/"},{"@type":"ListItem","position":2,"name":"Inicio"}]},{"@type":"WebSite","@id":"https:\/\/quesossierracrestellina.es\/blog\/#website","url":"https:\/\/quesossierracrestellina.es\/blog\/","name":"Quesos Sierra Crestellina","description":"Sencillos por naturaleza","publisher":{"@id":"https:\/\/quesossierracrestellina.es\/blog\/#organization"},"potentialAction":[{"@type":"SearchAction","target":{"@type":"EntryPoint","urlTemplate":"https:\/\/quesossierracrestellina.es\/blog\/?s={search_term_string}"},"query-input":{"@type":"PropertyValueSpecification","valueRequired":true,"valueName":"search_term_string"}}],"inLanguage":"es"},{"@type":"Organization","@id":"https:\/\/quesossierracrestellina.es\/blog\/#organization","name":"Quesos Sierra Crestellina","url":"https:\/\/quesossierracrestellina.es\/blog\/","logo":{"@type":"ImageObject","inLanguage":"es","@id":"https:\/\/quesossierracrestellina.es\/blog\/#\/schema\/logo\/image\/","url":"https:\/\/quesossierracrestellina.es\/blog\/wp-content\/uploads\/2020\/05\/logo-crestellina.jpg","contentUrl":"https:\/\/quesossierracrestellina.es\/blog\/wp-content\/uploads\/2020\/05\/logo-crestellina.jpg","width":800,"height":800,"caption":"Quesos Sierra Crestellina"},"image":{"@id":"https:\/\/quesossierracrestellina.es\/blog\/#\/schema\/logo\/image\/"},"sameAs":["https:\/\/www.facebook.com\/quesoscrestellina.quesossierracrestellina","https:\/\/www.instagram.com\/queseriasierracrestellina\/"]}]}},"_links":{"self":[{"href":"https:\/\/quesossierracrestellina.es\/blog\/wp-json\/wp\/v2\/pages\/836","targetHints":{"allow":["GET"]}}],"collection":[{"href":"https:\/\/quesossierracrestellina.es\/blog\/wp-json\/wp\/v2\/pages"}],"about":[{"href":"https:\/\/quesossierracrestellina.es\/blog\/wp-json\/wp\/v2\/types\/page"}],"author":[{"embeddable":true,"href":"https:\/\/quesossierracrestellina.es\/blog\/wp-json\/wp\/v2\/users\/1"}],"replies":[{"embeddable":true,"href":"https:\/\/quesossierracrestellina.es\/blog\/wp-json\/wp\/v2\/comments?post=836"}],"version-history":[{"count":48,"href":"https:\/\/quesossierracrestellina.es\/blog\/wp-json\/wp\/v2\/pages\/836\/revisions"}],"predecessor-version":[{"id":1563,"href":"https:\/\/quesossierracrestellina.es\/blog\/wp-json\/wp\/v2\/pages\/836\/revisions\/1563"}],"wp:featuredmedia":[{"embeddable":true,"href":"https:\/\/quesossierracrestellina.es\/blog\/wp-json\/wp\/v2\/media\/882"}],"wp:attachment":[{"href":"https:\/\/quesossierracrestellina.es\/blog\/wp-json\/wp\/v2\/media?parent=836"}],"curies":[{"name":"wp","href":"https:\/\/api.w.org\/{rel}","templated":true}]}}