{"id":901,"date":"2020-05-30T15:16:33","date_gmt":"2020-05-30T15:16:33","guid":{"rendered":"https:\/\/quesossierracrestellina.es\/blog\/?page_id=901"},"modified":"2023-03-24T10:05:42","modified_gmt":"2023-03-24T10:05:42","slug":"noticias","status":"publish","type":"page","link":"https:\/\/quesossierracrestellina.es\/blog\/noticias\/","title":{"rendered":"Noticias"},"content":{"rendered":"<div class=\"fusion-fullwidth fullwidth-box fusion-builder-row-1 nonhundred-percent-fullwidth non-hundred-percent-height-scrolling\" style=\"--awb-background-position:left top;--awb-border-sizes-top:0px;--awb-border-sizes-bottom:0px;--awb-border-sizes-left:0px;--awb-border-sizes-right:0px;--awb-border-radius-top-left:0px;--awb-border-radius-top-right:0px;--awb-border-radius-bottom-right:0px;--awb-border-radius-bottom-left:0px;--awb-padding-top:0px;--awb-padding-bottom:60px;--awb-background-color:#ffffff;--awb-flex-wrap:wrap;\" ><div class=\"fusion-builder-row fusion-row\"><div class=\"fusion-layout-column fusion_builder_column fusion-builder-column-0 fusion_builder_column_1_1 1_1 fusion-one-full fusion-column-first fusion-column-last fusion-column-no-min-height\" style=\"--awb-bg-size:cover;--awb-margin-bottom:0px;\"><div class=\"fusion-column-wrapper fusion-flex-column-wrapper-legacy\"><div class=\"fusion-blog-shortcode fusion-blog-shortcode-1 fusion-blog-archive fusion-blog-layout-medium-alternate fusion-blog-infinite\"><div class=\"fusion-posts-container fusion-posts-container-infinite fusion-posts-container-load-more\" data-pages=\"6\"><article id=\"blog-1-post-1605\" class=\"fusion-post-medium-alternate post-1605 post type-post status-publish format-video has-post-thumbnail hentry category-reportajes tag-canal-malaga post_format-post-format-video\">\n<div class=\"fusion-date-and-formats\"><div class=\"fusion-date-box updated\"><span class=\"fusion-date\">4<\/span><span class=\"fusion-month-year\">octubre 2023<\/span><\/div><div class=\"fusion-format-box\"><i class=\"awb-icon-film\" aria-hidden=\"true\"><\/i><\/div><\/div>\t<style type=\"text\/css\">\n\t\t\n\t\t\n\t\t\n\t\t\n\t\t\t<\/style>\n\n\n\t\t\t<div class=\"fusion-flexslider flexslider fusion-flexslider-loading fusion-post-slideshow\" style=\"\">\n\t\t<ul class=\"slides\">\n\t\t\t\n\t\t\t\t\t\t\t\t\t\t\t\t\t\t<li><div  class=\"fusion-image-wrapper fusion-image-size-fixed\" aria-haspopup=\"true\">\n\t\t\t\t\t\t\t<a href=\"https:\/\/quesossierracrestellina.es\/blog\/2023\/10\/04\/crestellina-casares-programa-malaga-carretera-manta\/\" aria-label=\"Crestellina y Casares en el programa \u00abM\u00e1laga: Carretera y manta\u00bb\">\n\t\t\t\t\t\t\t<img decoding=\"async\" width=\"320\" height=\"202\" src=\"https:\/\/quesossierracrestellina.es\/blog\/wp-content\/uploads\/2023\/10\/20231002-canalmalaga-casares-2-320x202.jpg\" class=\"attachment-blog-medium size-blog-medium wp-post-image\" alt=\"Crestellina en el programa de Canal M\u00e1laga, &quot;M\u00e1laga: carretera y manta&quot;\" srcset=\"https:\/\/quesossierracrestellina.es\/blog\/wp-content\/uploads\/2023\/10\/20231002-canalmalaga-casares-2-320x202.jpg 320w, https:\/\/quesossierracrestellina.es\/blog\/wp-content\/uploads\/2023\/10\/20231002-canalmalaga-casares-2-700x441.jpg 700w\" sizes=\"(max-width: 320px) 100vw, 320px\" \/>\t\t\t<\/a>\n\t\t\t\t\t\t\t<\/div>\n<\/li>\n\t\t\t\n\t\t\t\n\t\t\t\t\t\t\t\t\t\t\t\t\t\t\t\t\t\t\t\t\t\t\t\t\t\t\t\t\t\t\t\t\t\t\t\t\t\t\t\t\t\t\t\t\t\t\t\t\t\t\t\t\t\t\t\t\t\t\t\t\t\t\t\t\t\t\t\t<\/ul>\n\t<\/div>\n\t<div class=\"fusion-post-content post-content\"><h2 class=\"blog-shortcode-post-title entry-title\"><a href=\"https:\/\/quesossierracrestellina.es\/blog\/2023\/10\/04\/crestellina-casares-programa-malaga-carretera-manta\/\">Crestellina y Casares en el programa \u00abM\u00e1laga: Carretera y manta\u00bb<\/a><\/h2><p class=\"fusion-single-line-meta\"><span class=\"vcard\" style=\"display: none;\"><span class=\"fn\"><a href=\"https:\/\/quesossierracrestellina.es\/blog\/author\/adminqueso\/\" title=\"Entradas de Quesos Sierra Crestellina\" rel=\"author\">Quesos Sierra Crestellina<\/a><\/span><\/span><span class=\"updated\" style=\"display:none;\">2023-10-05T07:15:30+00:00<\/span><span>octubre 4th, 2023<\/span><span class=\"fusion-inline-sep\">|<\/span>Categor\u00edas: <a href=\"https:\/\/quesossierracrestellina.es\/blog\/category\/reportajes\/\" rel=\"category tag\">Reportajes<\/a><span class=\"fusion-inline-sep\">|<\/span><span class=\"meta-tags\">Etiquetas: <a href=\"https:\/\/quesossierracrestellina.es\/blog\/tag\/canal-malaga\/\" rel=\"tag\">Canal M\u00e1laga<\/a><\/span><span class=\"fusion-inline-sep\">|<\/span><\/p><div class=\"fusion-post-content-container\"><p>\"M\u00e1laga, Carretera y Manta' es un programa de Canal M\u00e1laga Televisi\u00f3n presentado por L\u00eda Rom\u00e1n Carri\u00f3n, que descubre lugares tur\u00edsticos con encanto y que son dignos de ser visitados. Se emite todos los lunes, a las 22:00 horas, en Canal M\u00e1laga Televisi\u00f3n. El primer cap\u00edtulo de esta temporada 2023 se ha grabado en Casares<\/p><\/div><\/div><div class=\"fusion-clearfix\"><\/div><div class=\"fusion-meta-info\"><div class=\"fusion-alignright\"><a class=\"fusion-read-more\" href=\"https:\/\/quesossierracrestellina.es\/blog\/2023\/10\/04\/crestellina-casares-programa-malaga-carretera-manta\/\" aria-label=\"More on Crestellina y Casares en el programa \u00abM\u00e1laga: Carretera y manta\u00bb\">Leer M\u00e1s<\/a><\/div><\/div><\/article>\n<article id=\"blog-1-post-1601\" class=\"fusion-post-medium-alternate post-1601 post type-post status-publish format-video has-post-thumbnail hentry category-reportajes tag-cabra-payoya post_format-post-format-video\">\n<div class=\"fusion-date-and-formats\"><div class=\"fusion-date-box updated\"><span class=\"fusion-date\">20<\/span><span class=\"fusion-month-year\">agosto 2023<\/span><\/div><div class=\"fusion-format-box\"><i class=\"awb-icon-film\" aria-hidden=\"true\"><\/i><\/div><\/div>\t<style type=\"text\/css\">\n\t\t\n\t\t\n\t\t\n\t\t\n\t\t\t<\/style>\n\n\n\t\t\t<div class=\"fusion-flexslider flexslider fusion-flexslider-loading fusion-post-slideshow\" style=\"\">\n\t\t<ul class=\"slides\">\n\t\t\t\n\t\t\t\t\t\t\t\t\t\t\t\t\t\t<li><div  class=\"fusion-image-wrapper fusion-image-size-fixed\" aria-haspopup=\"true\">\n\t\t\t\t\t\t\t<a href=\"https:\/\/quesossierracrestellina.es\/blog\/2023\/08\/20\/crestellina-empresa-familiar-haciendo-queso-forma-sostenible-espana-rural\/\" aria-label=\"Crestellina, una empresa familiar haciendo queso de forma sostenible en la Espa\u00f1a rural\">\n\t\t\t\t\t\t\t<img decoding=\"async\" width=\"320\" height=\"202\" src=\"https:\/\/quesossierracrestellina.es\/blog\/wp-content\/uploads\/2023\/10\/crestellina-tararafilms-320x202.jpg\" class=\"attachment-blog-medium size-blog-medium wp-post-image\" alt=\"Juan Oca\u00f1a. Crestellina (Casares)\" srcset=\"https:\/\/quesossierracrestellina.es\/blog\/wp-content\/uploads\/2023\/10\/crestellina-tararafilms-320x202.jpg 320w, https:\/\/quesossierracrestellina.es\/blog\/wp-content\/uploads\/2023\/10\/crestellina-tararafilms-700x441.jpg 700w\" sizes=\"(max-width: 320px) 100vw, 320px\" \/>\t\t\t<\/a>\n\t\t\t\t\t\t\t<\/div>\n<\/li>\n\t\t\t\n\t\t\t\n\t\t\t\t\t\t\t\t\t\t\t\t\t\t\t\t\t\t\t\t\t\t\t\t\t\t\t\t\t\t\t\t\t\t\t\t\t\t\t\t\t\t\t\t\t\t\t\t\t\t\t\t\t\t\t\t\t\t\t\t\t\t\t\t\t\t\t\t<\/ul>\n\t<\/div>\n\t<div class=\"fusion-post-content post-content\"><h2 class=\"blog-shortcode-post-title entry-title\"><a href=\"https:\/\/quesossierracrestellina.es\/blog\/2023\/08\/20\/crestellina-empresa-familiar-haciendo-queso-forma-sostenible-espana-rural\/\">Crestellina, una empresa familiar haciendo queso de forma sostenible en la Espa\u00f1a rural<\/a><\/h2><p class=\"fusion-single-line-meta\"><span class=\"vcard\" style=\"display: none;\"><span class=\"fn\"><a href=\"https:\/\/quesossierracrestellina.es\/blog\/author\/adminqueso\/\" title=\"Entradas de Quesos Sierra Crestellina\" rel=\"author\">Quesos Sierra Crestellina<\/a><\/span><\/span><span class=\"updated\" style=\"display:none;\">2023-10-05T07:16:11+00:00<\/span><span>agosto 20th, 2023<\/span><span class=\"fusion-inline-sep\">|<\/span>Categor\u00edas: <a href=\"https:\/\/quesossierracrestellina.es\/blog\/category\/reportajes\/\" rel=\"category tag\">Reportajes<\/a><span class=\"fusion-inline-sep\">|<\/span><span class=\"meta-tags\">Etiquetas: <a href=\"https:\/\/quesossierracrestellina.es\/blog\/tag\/cabra-payoya\/\" rel=\"tag\">Cabra payoya<\/a><\/span><span class=\"fusion-inline-sep\">|<\/span><\/p><div class=\"fusion-post-content-container\"><p>Crestellina ha sido protagonista con nuestra tradici\u00f3n familiar y nuestra forma de sentir la naturaleza, de un nuevo audiovisual de muy buena factura, realizado por Tararafilms.<\/p><\/div><\/div><div class=\"fusion-clearfix\"><\/div><div class=\"fusion-meta-info\"><div class=\"fusion-alignright\"><a class=\"fusion-read-more\" href=\"https:\/\/quesossierracrestellina.es\/blog\/2023\/08\/20\/crestellina-empresa-familiar-haciendo-queso-forma-sostenible-espana-rural\/\" aria-label=\"More on Crestellina, una empresa familiar haciendo queso de forma sostenible en la Espa\u00f1a rural\">Leer M\u00e1s<\/a><\/div><\/div><\/article>\n<article id=\"blog-1-post-1567\" class=\"fusion-post-medium-alternate post-1567 post type-post status-publish format-standard has-post-thumbnail hentry category-general tag-premios-km-0\">\n<div class=\"fusion-date-and-formats\"><div class=\"fusion-date-box updated\"><span class=\"fusion-date\">10<\/span><span class=\"fusion-month-year\">octubre 2022<\/span><\/div><div class=\"fusion-format-box\"><i class=\"awb-icon-pen\" aria-hidden=\"true\"><\/i><\/div><\/div>\t<style type=\"text\/css\">\n\t\t\n\t\t\n\t\t\n\t\t\n\t\t\t<\/style>\n\n\n\t\t\t<div class=\"fusion-flexslider flexslider fusion-flexslider-loading fusion-post-slideshow\" style=\"\">\n\t\t<ul class=\"slides\">\n\t\t\t\n\t\t\t\t\t\t\t\t\t\t\t\t\t\t<li><div  class=\"fusion-image-wrapper fusion-image-size-fixed\" aria-haspopup=\"true\">\n\t\t\t\t\t\t\t<a href=\"https:\/\/quesossierracrestellina.es\/blog\/2022\/10\/10\/club-gastronomico-km-0-premia-crestellina\/\" aria-label=\"El Club Gastron\u00f3mico Km 0 premia a Crestellina\">\n\t\t\t\t\t\t\t<img decoding=\"async\" width=\"320\" height=\"202\" src=\"https:\/\/quesossierracrestellina.es\/blog\/wp-content\/uploads\/2022\/12\/malaga-km0-premios-320x202.jpg\" class=\"attachment-blog-medium size-blog-medium wp-post-image\" alt=\"Premio Mejor Productor Km 0 para Crestellina\" srcset=\"https:\/\/quesossierracrestellina.es\/blog\/wp-content\/uploads\/2022\/12\/malaga-km0-premios-320x202.jpg 320w, https:\/\/quesossierracrestellina.es\/blog\/wp-content\/uploads\/2022\/12\/malaga-km0-premios-700x441.jpg 700w\" sizes=\"(max-width: 320px) 100vw, 320px\" \/>\t\t\t<\/a>\n\t\t\t\t\t\t\t<\/div>\n<\/li>\n\t\t\t\n\t\t\t\n\t\t\t\t\t\t\t\t\t\t\t\t\t\t\t\t\t\t\t\t\t\t\t\t\t\t\t\t\t\t\t\t\t\t\t\t\t\t\t\t\t\t\t\t\t\t\t\t\t\t\t\t\t\t\t\t\t\t\t\t\t\t\t\t\t\t\t\t<\/ul>\n\t<\/div>\n\t<div class=\"fusion-post-content post-content\"><h2 class=\"blog-shortcode-post-title entry-title\"><a href=\"https:\/\/quesossierracrestellina.es\/blog\/2022\/10\/10\/club-gastronomico-km-0-premia-crestellina\/\">El Club Gastron\u00f3mico Km 0 premia a Crestellina<\/a><\/h2><p class=\"fusion-single-line-meta\"><span class=\"vcard\" style=\"display: none;\"><span class=\"fn\"><a href=\"https:\/\/quesossierracrestellina.es\/blog\/author\/adminqueso\/\" title=\"Entradas de Quesos Sierra Crestellina\" rel=\"author\">Quesos Sierra Crestellina<\/a><\/span><\/span><span class=\"updated\" style=\"display:none;\">2022-12-07T08:47:17+00:00<\/span><span>octubre 10th, 2022<\/span><span class=\"fusion-inline-sep\">|<\/span>Categor\u00edas: <a href=\"https:\/\/quesossierracrestellina.es\/blog\/category\/general\/\" rel=\"category tag\">General<\/a><span class=\"fusion-inline-sep\">|<\/span><span class=\"meta-tags\">Etiquetas: <a href=\"https:\/\/quesossierracrestellina.es\/blog\/tag\/premios-km-0\/\" rel=\"tag\">Premios Km 0<\/a><\/span><span class=\"fusion-inline-sep\">|<\/span><\/p><div class=\"fusion-post-content-container\"><p>El Club Gastron\u00f3mico Kil\u00f3metro Cero ha otorgado su Premios Kil\u00f3metro Cero 2022 como Mejor Productor a Crestellina,  \"que combina la producci\u00f3n en ecol\u00f3gico de quesos de cabra payoya con la difusi\u00f3n de los valores de esta raza aut\u00f3ctona de la Serran\u00eda de Ronda a trav\u00e9s de visitas, actividades, talleres, alojamiento en la propia queser\u00eda, y 'cheese bar'.\"<\/p><\/div><\/div><div class=\"fusion-clearfix\"><\/div><div class=\"fusion-meta-info\"><div class=\"fusion-alignright\"><a class=\"fusion-read-more\" href=\"https:\/\/quesossierracrestellina.es\/blog\/2022\/10\/10\/club-gastronomico-km-0-premia-crestellina\/\" aria-label=\"More on El Club Gastron\u00f3mico Km 0 premia a Crestellina\">Leer M\u00e1s<\/a><\/div><\/div><\/article>\n<article id=\"blog-1-post-1500\" class=\"fusion-post-medium-alternate post-1500 post type-post status-publish format-standard has-post-thumbnail hentry category-talleres tag-talleres-de-elaboracion-de-queso\">\n<div class=\"fusion-date-and-formats\"><div class=\"fusion-date-box updated\"><span class=\"fusion-date\">4<\/span><span class=\"fusion-month-year\">febrero 2022<\/span><\/div><div class=\"fusion-format-box\"><i class=\"awb-icon-pen\" aria-hidden=\"true\"><\/i><\/div><\/div>\t<style type=\"text\/css\">\n\t\t\n\t\t\n\t\t\n\t\t\n\t\t\t<\/style>\n\n\n\t\t\t<div class=\"fusion-flexslider flexslider fusion-flexslider-loading fusion-post-slideshow\" style=\"\">\n\t\t<ul class=\"slides\">\n\t\t\t\n\t\t\t\t\t\t\t\t\t\t\t\t\t\t<li><div  class=\"fusion-image-wrapper fusion-image-size-fixed\" aria-haspopup=\"true\">\n\t\t\t\t\t\t\t<a href=\"https:\/\/quesossierracrestellina.es\/blog\/2022\/02\/04\/crestellina-se-ha-llenado-de-chivitos\/\" aria-label=\"\u00a1Crestellina se ha llenado de chivitos!\">\n\t\t\t\t\t\t\t<img decoding=\"async\" width=\"320\" height=\"202\" src=\"https:\/\/quesossierracrestellina.es\/blog\/wp-content\/uploads\/2022\/02\/chivitos-2022-fb-320x202.jpg\" class=\"attachment-blog-medium size-blog-medium wp-post-image\" alt=\"Chivitos (Crestellina)\" srcset=\"https:\/\/quesossierracrestellina.es\/blog\/wp-content\/uploads\/2022\/02\/chivitos-2022-fb-320x202.jpg 320w, https:\/\/quesossierracrestellina.es\/blog\/wp-content\/uploads\/2022\/02\/chivitos-2022-fb-700x441.jpg 700w\" sizes=\"(max-width: 320px) 100vw, 320px\" \/>\t\t\t<\/a>\n\t\t\t\t\t\t\t<\/div>\n<\/li>\n\t\t\t\n\t\t\t\n\t\t\t\t\t\t\t\t\t\t\t\t\t\t\t\t\t\t\t\t\t\t\t\t\t\t\t\t\t\t\t\t\t\t\t\t\t\t\t\t\t\t\t\t\t\t\t\t\t\t\t\t\t\t\t\t\t\t\t\t\t\t\t\t\t\t\t\t<\/ul>\n\t<\/div>\n\t<div class=\"fusion-post-content post-content\"><h2 class=\"blog-shortcode-post-title entry-title\"><a href=\"https:\/\/quesossierracrestellina.es\/blog\/2022\/02\/04\/crestellina-se-ha-llenado-de-chivitos\/\">\u00a1Crestellina se ha llenado de chivitos!<\/a><\/h2><p class=\"fusion-single-line-meta\"><span class=\"vcard\" style=\"display: none;\"><span class=\"fn\"><a href=\"https:\/\/quesossierracrestellina.es\/blog\/author\/adminqueso\/\" title=\"Entradas de Quesos Sierra Crestellina\" rel=\"author\">Quesos Sierra Crestellina<\/a><\/span><\/span><span class=\"updated\" style=\"display:none;\">2022-02-10T08:12:49+00:00<\/span><span>febrero 4th, 2022<\/span><span class=\"fusion-inline-sep\">|<\/span>Categor\u00edas: <a href=\"https:\/\/quesossierracrestellina.es\/blog\/category\/talleres\/\" rel=\"category tag\">Talleres<\/a><span class=\"fusion-inline-sep\">|<\/span><span class=\"meta-tags\">Etiquetas: <a href=\"https:\/\/quesossierracrestellina.es\/blog\/tag\/talleres-de-elaboracion-de-queso\/\" rel=\"tag\">Talleres de elaboraci\u00f3n de queso<\/a><\/span><span class=\"fusion-inline-sep\">|<\/span><\/p><div class=\"fusion-post-content-container\"><p> \u00a1Crestellina se ha llenado de chivitos! Ya est\u00e1n naciendo las cabritas, as\u00ed que si ten\u00edas pensado venir a Casares y unirte a una de nuestras experiencias \u00a1esta es la mejor \u00e9poca del a\u00f1o! \"Haz [...]<\/p><\/div><\/div><div class=\"fusion-clearfix\"><\/div><div class=\"fusion-meta-info\"><div class=\"fusion-alignright\"><a class=\"fusion-read-more\" href=\"https:\/\/quesossierracrestellina.es\/blog\/2022\/02\/04\/crestellina-se-ha-llenado-de-chivitos\/\" aria-label=\"More on \u00a1Crestellina se ha llenado de chivitos!\">Leer M\u00e1s<\/a><\/div><\/div><\/article>\n<article id=\"blog-1-post-1509\" class=\"fusion-post-medium-alternate post-1509 post type-post status-publish format-video has-post-thumbnail hentry category-reportajes tag-canal-sur tag-empresa post_format-post-format-video\">\n<div class=\"fusion-date-and-formats\"><div class=\"fusion-date-box updated\"><span class=\"fusion-date\">30<\/span><span class=\"fusion-month-year\">octubre 2021<\/span><\/div><div class=\"fusion-format-box\"><i class=\"awb-icon-film\" aria-hidden=\"true\"><\/i><\/div><\/div>\t<style type=\"text\/css\">\n\t\t\n\t\t\n\t\t\n\t\t\n\t\t\t<\/style>\n\n\n\t\t\t<div class=\"fusion-flexslider flexslider fusion-flexslider-loading fusion-post-slideshow\" style=\"\">\n\t\t<ul class=\"slides\">\n\t\t\t\n\t\t\t\t\t\t\t\t\t\t\t\t\t\t<li><div  class=\"fusion-image-wrapper fusion-image-size-fixed\" aria-haspopup=\"true\">\n\t\t\t\t\t\t\t<a href=\"https:\/\/quesossierracrestellina.es\/blog\/2021\/10\/30\/juan-ocana-repobladores-canal-sur\/\" aria-label=\"Juan Oca\u00f1a en el programa \u00abLos repobladores\u00bb, de Canal Sur\">\n\t\t\t\t\t\t\t<img decoding=\"async\" width=\"320\" height=\"202\" src=\"https:\/\/quesossierracrestellina.es\/blog\/wp-content\/uploads\/2022\/02\/repobladores-canalsur-20211031-320x202.jpg\" class=\"attachment-blog-medium size-blog-medium wp-post-image\" alt=\"Juan Oca\u00f1a en &quot;Los repobladores&quot; (Canal Sur)\" srcset=\"https:\/\/quesossierracrestellina.es\/blog\/wp-content\/uploads\/2022\/02\/repobladores-canalsur-20211031-320x202.jpg 320w, https:\/\/quesossierracrestellina.es\/blog\/wp-content\/uploads\/2022\/02\/repobladores-canalsur-20211031-700x441.jpg 700w\" sizes=\"(max-width: 320px) 100vw, 320px\" \/>\t\t\t<\/a>\n\t\t\t\t\t\t\t<\/div>\n<\/li>\n\t\t\t\n\t\t\t\n\t\t\t\t\t\t\t\t\t\t\t\t\t\t\t\t\t\t\t\t\t\t\t\t\t\t\t\t\t\t\t\t\t\t\t\t\t\t\t\t\t\t\t\t\t\t\t\t\t\t\t\t\t\t\t\t\t\t\t\t\t\t\t\t\t\t\t\t<\/ul>\n\t<\/div>\n\t<div class=\"fusion-post-content post-content\"><h2 class=\"blog-shortcode-post-title entry-title\"><a href=\"https:\/\/quesossierracrestellina.es\/blog\/2021\/10\/30\/juan-ocana-repobladores-canal-sur\/\">Juan Oca\u00f1a en el programa \u00abLos repobladores\u00bb, de Canal Sur<\/a><\/h2><p class=\"fusion-single-line-meta\"><span class=\"vcard\" style=\"display: none;\"><span class=\"fn\"><a href=\"https:\/\/quesossierracrestellina.es\/blog\/author\/adminqueso\/\" title=\"Entradas de Quesos Sierra Crestellina\" rel=\"author\">Quesos Sierra Crestellina<\/a><\/span><\/span><span class=\"updated\" style=\"display:none;\">2022-02-09T15:41:23+00:00<\/span><span>octubre 30th, 2021<\/span><span class=\"fusion-inline-sep\">|<\/span>Categor\u00edas: <a href=\"https:\/\/quesossierracrestellina.es\/blog\/category\/reportajes\/\" rel=\"category tag\">Reportajes<\/a><span class=\"fusion-inline-sep\">|<\/span><span class=\"meta-tags\">Etiquetas: <a href=\"https:\/\/quesossierracrestellina.es\/blog\/tag\/canal-sur\/\" rel=\"tag\">Canal Sur<\/a>, <a href=\"https:\/\/quesossierracrestellina.es\/blog\/tag\/empresa\/\" rel=\"tag\">Empresa<\/a><\/span><span class=\"fusion-inline-sep\">|<\/span><\/p><div class=\"fusion-post-content-container\"><p> Canal Sur nos ha dedicado un programa en su espacio \"Los Repobladores\":Juan creci\u00f3 en una familia de pastores y su vida ha estado vinculada a la ganader\u00eda caprina desde que naci\u00f3 o incluso antes: [...]<\/p><\/div><\/div><div class=\"fusion-clearfix\"><\/div><div class=\"fusion-meta-info\"><div class=\"fusion-alignright\"><a class=\"fusion-read-more\" href=\"https:\/\/quesossierracrestellina.es\/blog\/2021\/10\/30\/juan-ocana-repobladores-canal-sur\/\" aria-label=\"More on Juan Oca\u00f1a en el programa \u00abLos repobladores\u00bb, de Canal Sur\">Leer M\u00e1s<\/a><\/div><\/div><\/article>\n<article id=\"blog-1-post-1512\" class=\"fusion-post-medium-alternate post-1512 post type-post status-publish format-video has-post-thumbnail hentry category-reportajes tag-cabra-payoya tag-canal-sur tag-ganaderia tag-incendios-forestales post_format-post-format-video\">\n<div class=\"fusion-date-and-formats\"><div class=\"fusion-date-box updated\"><span class=\"fusion-date\">19<\/span><span class=\"fusion-month-year\">octubre 2021<\/span><\/div><div class=\"fusion-format-box\"><i class=\"awb-icon-film\" aria-hidden=\"true\"><\/i><\/div><\/div>\t<style type=\"text\/css\">\n\t\t\n\t\t\n\t\t\n\t\t\n\t\t\t<\/style>\n\n\n\t\t\t<div class=\"fusion-flexslider flexslider fusion-flexslider-loading fusion-post-slideshow\" style=\"\">\n\t\t<ul class=\"slides\">\n\t\t\t\n\t\t\t\t\t\t\t\t\t\t\t\t\t\t<li><div  class=\"fusion-image-wrapper fusion-image-size-fixed\" aria-haspopup=\"true\">\n\t\t\t\t\t\t\t<a href=\"https:\/\/quesossierracrestellina.es\/blog\/2021\/10\/19\/ganaderia-extensiva-y-lucha-contra-incendios-forestales\/\" aria-label=\"Ganader\u00eda extensiva y lucha contra los incendios forestales\">\n\t\t\t\t\t\t\t<img decoding=\"async\" width=\"320\" height=\"202\" src=\"https:\/\/quesossierracrestellina.es\/blog\/wp-content\/uploads\/2022\/02\/tierraymar-incendios-320x202.jpg\" class=\"attachment-blog-medium size-blog-medium wp-post-image\" alt=\"Juan Oca\u00f1a en &quot;Tierra y mar&quot; (Canal Sur)\" srcset=\"https:\/\/quesossierracrestellina.es\/blog\/wp-content\/uploads\/2022\/02\/tierraymar-incendios-320x202.jpg 320w, https:\/\/quesossierracrestellina.es\/blog\/wp-content\/uploads\/2022\/02\/tierraymar-incendios-700x441.jpg 700w\" sizes=\"(max-width: 320px) 100vw, 320px\" \/>\t\t\t<\/a>\n\t\t\t\t\t\t\t<\/div>\n<\/li>\n\t\t\t\n\t\t\t\n\t\t\t\t\t\t\t\t\t\t\t\t\t\t\t\t\t\t\t\t\t\t\t\t\t\t\t\t\t\t\t\t\t\t\t\t\t\t\t\t\t\t\t\t\t\t\t\t\t\t\t\t\t\t\t\t\t\t\t\t\t\t\t\t\t\t\t\t<\/ul>\n\t<\/div>\n\t<div class=\"fusion-post-content post-content\"><h2 class=\"blog-shortcode-post-title entry-title\"><a href=\"https:\/\/quesossierracrestellina.es\/blog\/2021\/10\/19\/ganaderia-extensiva-y-lucha-contra-incendios-forestales\/\">Ganader\u00eda extensiva y lucha contra los incendios forestales<\/a><\/h2><p class=\"fusion-single-line-meta\"><span class=\"vcard\" style=\"display: none;\"><span class=\"fn\"><a href=\"https:\/\/quesossierracrestellina.es\/blog\/author\/adminqueso\/\" title=\"Entradas de Quesos Sierra Crestellina\" rel=\"author\">Quesos Sierra Crestellina<\/a><\/span><\/span><span class=\"updated\" style=\"display:none;\">2022-02-09T16:46:49+00:00<\/span><span>octubre 19th, 2021<\/span><span class=\"fusion-inline-sep\">|<\/span>Categor\u00edas: <a href=\"https:\/\/quesossierracrestellina.es\/blog\/category\/reportajes\/\" rel=\"category tag\">Reportajes<\/a><span class=\"fusion-inline-sep\">|<\/span><span class=\"meta-tags\">Etiquetas: <a href=\"https:\/\/quesossierracrestellina.es\/blog\/tag\/cabra-payoya\/\" rel=\"tag\">Cabra payoya<\/a>, <a href=\"https:\/\/quesossierracrestellina.es\/blog\/tag\/canal-sur\/\" rel=\"tag\">Canal Sur<\/a>, <a href=\"https:\/\/quesossierracrestellina.es\/blog\/tag\/ganaderia\/\" rel=\"tag\">Ganader\u00eda<\/a>, <a href=\"https:\/\/quesossierracrestellina.es\/blog\/tag\/incendios-forestales\/\" rel=\"tag\">Incendios forestales<\/a><\/span><span class=\"fusion-inline-sep\">|<\/span><\/p><div class=\"fusion-post-content-container\"><p>  Puede confirmarse categ\u00f3ricamente. El programa Tierra y Mar entrevista a Juan Oca\u00f1a como pastor, a raiz del grave incendio que ha sufrido Sierra Bermeja a principios de este mes de septiembre. Es un [...]<\/p><\/div><\/div><div class=\"fusion-clearfix\"><\/div><div class=\"fusion-meta-info\"><div class=\"fusion-alignright\"><a class=\"fusion-read-more\" href=\"https:\/\/quesossierracrestellina.es\/blog\/2021\/10\/19\/ganaderia-extensiva-y-lucha-contra-incendios-forestales\/\" aria-label=\"More on Ganader\u00eda extensiva y lucha contra los incendios forestales\">Leer M\u00e1s<\/a><\/div><\/div><\/article>\n<\/div><div class=\"fusion-infinite-scroll-trigger\"><\/div><div class=\"pagination infinite-scroll clearfix\" style=\"display:none;\"><span class=\"current\">1<\/span><a href=\"https:\/\/quesossierracrestellina.es\/blog\/wp-json\/wp\/v2\/pages\/901\/page\/2\/\" class=\"inactive\">2<\/a><a href=\"https:\/\/quesossierracrestellina.es\/blog\/wp-json\/wp\/v2\/pages\/901\/page\/3\/\" class=\"inactive\">3<\/a><a href=\"https:\/\/quesossierracrestellina.es\/blog\/wp-json\/wp\/v2\/pages\/901\/page\/4\/\" class=\"inactive\">4<\/a><a class=\"pagination-next\" rel=\"next\" href=\"https:\/\/quesossierracrestellina.es\/blog\/wp-json\/wp\/v2\/pages\/901\/page\/2\/\"><span class=\"page-text\">Siguiente<\/span><span class=\"page-next\"><\/span><\/a><\/div><div class=\"fusion-clearfix\"><\/div><button class=\"fusion-load-more-button fusion-blog-button fusion-clearfix\">Cargar m\u00e1s publicaciones<\/button><\/div><div class=\"fusion-clearfix\"><\/div><\/div><\/div><\/div><\/div>\n","protected":false},"excerpt":{"rendered":"","protected":false},"author":1,"featured_media":0,"parent":0,"menu_order":0,"comment_status":"closed","ping_status":"closed","template":"","meta":{"footnotes":""},"class_list":["post-901","page","type-page","status-publish","hentry"],"yoast_head":"<!-- This site is optimized with the Yoast SEO plugin v27.5 - https:\/\/yoast.com\/product\/yoast-seo-wordpress\/ -->\n<title>Noticias - Crestellina<\/title>\n<meta name=\"robots\" content=\"index, follow, max-snippet:-1, max-image-preview:large, max-video-preview:-1\" \/>\n<link rel=\"canonical\" href=\"https:\/\/quesossierracrestellina.es\/blog\/noticias\/\" \/>\n<meta property=\"og:locale\" content=\"es_ES\" \/>\n<meta property=\"og:type\" content=\"article\" \/>\n<meta property=\"og:title\" content=\"Quesos Sierra Crestellina (Casares) - Noticias\" \/>\n<meta property=\"og:description\" content=\"Nuestra actividad es m\u00e1s que una empresa familiar. Es toda una filosof\u00eda acerca del respeto al medio ambiente, al valor de la producci\u00f3n y a los productores de esta comarca\" \/>\n<meta property=\"og:url\" content=\"https:\/\/quesossierracrestellina.es\/blog\/noticias\/\" \/>\n<meta property=\"og:site_name\" content=\"Crestellina\" \/>\n<meta property=\"article:publisher\" content=\"https:\/\/www.facebook.com\/quesoscrestellina.quesossierracrestellina\" \/>\n<meta property=\"article:modified_time\" content=\"2023-03-24T10:05:42+00:00\" \/>\n<meta property=\"og:image\" content=\"https:\/\/quesossierracrestellina.es\/blog\/wp-content\/uploads\/2015\/02\/gestionmontes-DJI_0073.jpg\" \/>\n\t<meta property=\"og:image:width\" content=\"1400\" \/>\n\t<meta property=\"og:image:height\" content=\"933\" \/>\n\t<meta property=\"og:image:type\" content=\"image\/jpeg\" \/>\n<meta name=\"twitter:card\" content=\"summary_large_image\" \/>\n<meta name=\"twitter:title\" content=\"Quesos Sierra Crestellina (Casares) - Noticias\" \/>\n<meta name=\"twitter:description\" content=\"Nuestra actividad es m\u00e1s que una empresa familiar. Es toda una filosof\u00eda acerca del respeto al medio ambiente, al valor de la producci\u00f3n y a los productores de esta comarca\" \/>\n<meta name=\"twitter:image\" content=\"https:\/\/quesossierracrestellina.es\/blog\/wp-content\/uploads\/2015\/02\/gestionmontes-DJI_0073.jpg\" \/>\n<meta name=\"twitter:label1\" content=\"Tiempo de lectura\" \/>\n\t<meta name=\"twitter:data1\" content=\"1 minuto\" \/>\n<script type=\"application\/ld+json\" class=\"yoast-schema-graph\">{\"@context\":\"https:\\\/\\\/schema.org\",\"@graph\":[{\"@type\":\"WebPage\",\"@id\":\"https:\\\/\\\/quesossierracrestellina.es\\\/blog\\\/noticias\\\/\",\"url\":\"https:\\\/\\\/quesossierracrestellina.es\\\/blog\\\/noticias\\\/\",\"name\":\"Noticias - Crestellina\",\"isPartOf\":{\"@id\":\"https:\\\/\\\/quesossierracrestellina.es\\\/blog\\\/#website\"},\"datePublished\":\"2020-05-30T15:16:33+00:00\",\"dateModified\":\"2023-03-24T10:05:42+00:00\",\"breadcrumb\":{\"@id\":\"https:\\\/\\\/quesossierracrestellina.es\\\/blog\\\/noticias\\\/#breadcrumb\"},\"inLanguage\":\"es\",\"potentialAction\":[{\"@type\":\"ReadAction\",\"target\":[\"https:\\\/\\\/quesossierracrestellina.es\\\/blog\\\/noticias\\\/\"]}]},{\"@type\":\"BreadcrumbList\",\"@id\":\"https:\\\/\\\/quesossierracrestellina.es\\\/blog\\\/noticias\\\/#breadcrumb\",\"itemListElement\":[{\"@type\":\"ListItem\",\"position\":1,\"name\":\"Portada\",\"item\":\"https:\\\/\\\/quesossierracrestellina.es\\\/blog\\\/\"},{\"@type\":\"ListItem\",\"position\":2,\"name\":\"Noticias\"}]},{\"@type\":\"WebSite\",\"@id\":\"https:\\\/\\\/quesossierracrestellina.es\\\/blog\\\/#website\",\"url\":\"https:\\\/\\\/quesossierracrestellina.es\\\/blog\\\/\",\"name\":\"Quesos Sierra Crestellina\",\"description\":\"Sencillos por naturaleza\",\"publisher\":{\"@id\":\"https:\\\/\\\/quesossierracrestellina.es\\\/blog\\\/#organization\"},\"potentialAction\":[{\"@type\":\"SearchAction\",\"target\":{\"@type\":\"EntryPoint\",\"urlTemplate\":\"https:\\\/\\\/quesossierracrestellina.es\\\/blog\\\/?s={search_term_string}\"},\"query-input\":{\"@type\":\"PropertyValueSpecification\",\"valueRequired\":true,\"valueName\":\"search_term_string\"}}],\"inLanguage\":\"es\"},{\"@type\":\"Organization\",\"@id\":\"https:\\\/\\\/quesossierracrestellina.es\\\/blog\\\/#organization\",\"name\":\"Quesos Sierra Crestellina\",\"url\":\"https:\\\/\\\/quesossierracrestellina.es\\\/blog\\\/\",\"logo\":{\"@type\":\"ImageObject\",\"inLanguage\":\"es\",\"@id\":\"https:\\\/\\\/quesossierracrestellina.es\\\/blog\\\/#\\\/schema\\\/logo\\\/image\\\/\",\"url\":\"https:\\\/\\\/quesossierracrestellina.es\\\/blog\\\/wp-content\\\/uploads\\\/2020\\\/05\\\/logo-crestellina.jpg\",\"contentUrl\":\"https:\\\/\\\/quesossierracrestellina.es\\\/blog\\\/wp-content\\\/uploads\\\/2020\\\/05\\\/logo-crestellina.jpg\",\"width\":800,\"height\":800,\"caption\":\"Quesos Sierra Crestellina\"},\"image\":{\"@id\":\"https:\\\/\\\/quesossierracrestellina.es\\\/blog\\\/#\\\/schema\\\/logo\\\/image\\\/\"},\"sameAs\":[\"https:\\\/\\\/www.facebook.com\\\/quesoscrestellina.quesossierracrestellina\",\"https:\\\/\\\/www.instagram.com\\\/queseriasierracrestellina\\\/\"]}]}<\/script>\n<!-- \/ Yoast SEO plugin. -->","yoast_head_json":{"title":"Noticias - Crestellina","robots":{"index":"index","follow":"follow","max-snippet":"max-snippet:-1","max-image-preview":"max-image-preview:large","max-video-preview":"max-video-preview:-1"},"canonical":"https:\/\/quesossierracrestellina.es\/blog\/noticias\/","og_locale":"es_ES","og_type":"article","og_title":"Quesos Sierra Crestellina (Casares) - Noticias","og_description":"Nuestra actividad es m\u00e1s que una empresa familiar. Es toda una filosof\u00eda acerca del respeto al medio ambiente, al valor de la producci\u00f3n y a los productores de esta comarca","og_url":"https:\/\/quesossierracrestellina.es\/blog\/noticias\/","og_site_name":"Crestellina","article_publisher":"https:\/\/www.facebook.com\/quesoscrestellina.quesossierracrestellina","article_modified_time":"2023-03-24T10:05:42+00:00","og_image":[{"width":1400,"height":933,"url":"https:\/\/quesossierracrestellina.es\/blog\/wp-content\/uploads\/2015\/02\/gestionmontes-DJI_0073.jpg","type":"image\/jpeg"}],"twitter_card":"summary_large_image","twitter_title":"Quesos Sierra Crestellina (Casares) - Noticias","twitter_description":"Nuestra actividad es m\u00e1s que una empresa familiar. Es toda una filosof\u00eda acerca del respeto al medio ambiente, al valor de la producci\u00f3n y a los productores de esta comarca","twitter_image":"https:\/\/quesossierracrestellina.es\/blog\/wp-content\/uploads\/2015\/02\/gestionmontes-DJI_0073.jpg","twitter_misc":{"Tiempo de lectura":"1 minuto"},"schema":{"@context":"https:\/\/schema.org","@graph":[{"@type":"WebPage","@id":"https:\/\/quesossierracrestellina.es\/blog\/noticias\/","url":"https:\/\/quesossierracrestellina.es\/blog\/noticias\/","name":"Noticias - Crestellina","isPartOf":{"@id":"https:\/\/quesossierracrestellina.es\/blog\/#website"},"datePublished":"2020-05-30T15:16:33+00:00","dateModified":"2023-03-24T10:05:42+00:00","breadcrumb":{"@id":"https:\/\/quesossierracrestellina.es\/blog\/noticias\/#breadcrumb"},"inLanguage":"es","potentialAction":[{"@type":"ReadAction","target":["https:\/\/quesossierracrestellina.es\/blog\/noticias\/"]}]},{"@type":"BreadcrumbList","@id":"https:\/\/quesossierracrestellina.es\/blog\/noticias\/#breadcrumb","itemListElement":[{"@type":"ListItem","position":1,"name":"Portada","item":"https:\/\/quesossierracrestellina.es\/blog\/"},{"@type":"ListItem","position":2,"name":"Noticias"}]},{"@type":"WebSite","@id":"https:\/\/quesossierracrestellina.es\/blog\/#website","url":"https:\/\/quesossierracrestellina.es\/blog\/","name":"Quesos Sierra Crestellina","description":"Sencillos por naturaleza","publisher":{"@id":"https:\/\/quesossierracrestellina.es\/blog\/#organization"},"potentialAction":[{"@type":"SearchAction","target":{"@type":"EntryPoint","urlTemplate":"https:\/\/quesossierracrestellina.es\/blog\/?s={search_term_string}"},"query-input":{"@type":"PropertyValueSpecification","valueRequired":true,"valueName":"search_term_string"}}],"inLanguage":"es"},{"@type":"Organization","@id":"https:\/\/quesossierracrestellina.es\/blog\/#organization","name":"Quesos Sierra Crestellina","url":"https:\/\/quesossierracrestellina.es\/blog\/","logo":{"@type":"ImageObject","inLanguage":"es","@id":"https:\/\/quesossierracrestellina.es\/blog\/#\/schema\/logo\/image\/","url":"https:\/\/quesossierracrestellina.es\/blog\/wp-content\/uploads\/2020\/05\/logo-crestellina.jpg","contentUrl":"https:\/\/quesossierracrestellina.es\/blog\/wp-content\/uploads\/2020\/05\/logo-crestellina.jpg","width":800,"height":800,"caption":"Quesos Sierra Crestellina"},"image":{"@id":"https:\/\/quesossierracrestellina.es\/blog\/#\/schema\/logo\/image\/"},"sameAs":["https:\/\/www.facebook.com\/quesoscrestellina.quesossierracrestellina","https:\/\/www.instagram.com\/queseriasierracrestellina\/"]}]}},"_links":{"self":[{"href":"https:\/\/quesossierracrestellina.es\/blog\/wp-json\/wp\/v2\/pages\/901","targetHints":{"allow":["GET"]}}],"collection":[{"href":"https:\/\/quesossierracrestellina.es\/blog\/wp-json\/wp\/v2\/pages"}],"about":[{"href":"https:\/\/quesossierracrestellina.es\/blog\/wp-json\/wp\/v2\/types\/page"}],"author":[{"embeddable":true,"href":"https:\/\/quesossierracrestellina.es\/blog\/wp-json\/wp\/v2\/users\/1"}],"replies":[{"embeddable":true,"href":"https:\/\/quesossierracrestellina.es\/blog\/wp-json\/wp\/v2\/comments?post=901"}],"version-history":[{"count":62,"href":"https:\/\/quesossierracrestellina.es\/blog\/wp-json\/wp\/v2\/pages\/901\/revisions"}],"predecessor-version":[{"id":1572,"href":"https:\/\/quesossierracrestellina.es\/blog\/wp-json\/wp\/v2\/pages\/901\/revisions\/1572"}],"wp:attachment":[{"href":"https:\/\/quesossierracrestellina.es\/blog\/wp-json\/wp\/v2\/media?parent=901"}],"curies":[{"name":"wp","href":"https:\/\/api.w.org\/{rel}","templated":true}]}}